{"id":84,"date":"2024-04-04T10:17:14","date_gmt":"2024-04-04T08:17:14","guid":{"rendered":"http:\/\/ldrgbud.cluster023.hosting.ovh.net\/?page_id=84"},"modified":"2026-01-28T10:16:24","modified_gmt":"2026-01-28T09:16:24","slug":"accueil","status":"publish","type":"page","link":"https:\/\/www.aubergedeveyrac.fr\/","title":{"rendered":"ACCUEIL"},"content":{"rendered":"\t\t<div data-elementor-type=\"wp-page\" data-elementor-id=\"84\" class=\"elementor elementor-84\" data-elementor-settings=\"{&quot;ha_cmc_init_switcher&quot;:&quot;no&quot;}\">\n\t\t\t\t<div class=\"elementor-element elementor-element-d66c4c9 e-con-full e-flex e-con e-parent\" data-id=\"d66c4c9\" data-element_type=\"container\" data-e-type=\"container\" data-settings=\"{&quot;background_background&quot;:&quot;slideshow&quot;,&quot;background_slideshow_gallery&quot;:[{&quot;id&quot;:62,&quot;url&quot;:&quot;https:\\\/\\\/www.aubergedeveyrac.fr\\\/wp-content\\\/uploads\\\/2024\\\/04\\\/evenements-2-jos_1271.jpg&quot;},{&quot;id&quot;:695,&quot;url&quot;:&quot;https:\\\/\\\/www.aubergedeveyrac.fr\\\/wp-content\\\/uploads\\\/2024\\\/04\\\/IMG_7648.png&quot;},{&quot;id&quot;:696,&quot;url&quot;:&quot;https:\\\/\\\/www.aubergedeveyrac.fr\\\/wp-content\\\/uploads\\\/2024\\\/04\\\/IMG_7650.png&quot;},{&quot;id&quot;:698,&quot;url&quot;:&quot;https:\\\/\\\/www.aubergedeveyrac.fr\\\/wp-content\\\/uploads\\\/2024\\\/04\\\/IMG_7659.png&quot;},{&quot;id&quot;:699,&quot;url&quot;:&quot;https:\\\/\\\/www.aubergedeveyrac.fr\\\/wp-content\\\/uploads\\\/2024\\\/04\\\/IMG_7653.png&quot;},{&quot;id&quot;:64,&quot;url&quot;:&quot;https:\\\/\\\/www.aubergedeveyrac.fr\\\/wp-content\\\/uploads\\\/2024\\\/04\\\/evenements-4-img_0194.jpg&quot;}],&quot;background_slideshow_transition_duration&quot;:1000,&quot;background_slideshow_ken_burns&quot;:&quot;yes&quot;,&quot;background_slideshow_loop&quot;:&quot;yes&quot;,&quot;background_slideshow_slide_duration&quot;:5000,&quot;background_slideshow_slide_transition&quot;:&quot;fade&quot;,&quot;background_slideshow_ken_burns_zoom_direction&quot;:&quot;in&quot;,&quot;_ha_eqh_enable&quot;:false}\">\n\t\t\t\t<div class=\"elementor-element elementor-element-0d9d11b elementor-widget elementor-widget-image\" data-id=\"0d9d11b\" data-element_type=\"widget\" data-e-type=\"widget\" data-widget_type=\"image.default\">\n\t\t\t\t<div class=\"elementor-widget-container\">\n\t\t\t\t\t\t\t\t\t\t\t\t\t\t\t<img fetchpriority=\"high\" decoding=\"async\" width=\"735\" height=\"793\" src=\"https:\/\/www.aubergedeveyrac.fr\/wp-content\/uploads\/2024\/04\/AUBERGE-DE-VEYRAC-logo-blanc-300.png\" class=\"attachment-2048x2048 size-2048x2048 wp-image-131\" alt=\"\" srcset=\"https:\/\/www.aubergedeveyrac.fr\/wp-content\/uploads\/2024\/04\/AUBERGE-DE-VEYRAC-logo-blanc-300.png 735w, https:\/\/www.aubergedeveyrac.fr\/wp-content\/uploads\/2024\/04\/AUBERGE-DE-VEYRAC-logo-blanc-300-278x300.png 278w\" sizes=\"(max-width: 735px) 100vw, 735px\" \/>\t\t\t\t\t\t\t\t\t\t\t\t\t\t\t<\/div>\n\t\t\t\t<\/div>\n\t\t\t\t<\/div>\n\t\t<div class=\"elementor-element elementor-element-26b1ffa e-flex e-con-boxed e-con e-parent\" data-id=\"26b1ffa\" data-element_type=\"container\" data-e-type=\"container\" data-settings=\"{&quot;background_background&quot;:&quot;classic&quot;,&quot;_ha_eqh_enable&quot;:false}\">\n\t\t\t\t\t<div class=\"e-con-inner\">\n\t\t<div class=\"elementor-element elementor-element-4629d6a e-con-full e-flex e-con e-child\" data-id=\"4629d6a\" data-element_type=\"container\" data-e-type=\"container\" data-settings=\"{&quot;_ha_eqh_enable&quot;:false}\">\n\t\t\t\t<div class=\"elementor-element elementor-element-fcd0c1a elementor-widget elementor-widget-heading\" data-id=\"fcd0c1a\" data-element_type=\"widget\" data-e-type=\"widget\" data-widget_type=\"heading.default\">\n\t\t\t\t<div class=\"elementor-widget-container\">\n\t\t\t\t\t<h2 class=\"elementor-heading-title elementor-size-default\">Bienvenue \u00e0 l'Auberge !<\/h2>\t\t\t\t<\/div>\n\t\t\t\t<\/div>\n\t\t\t\t<div class=\"elementor-element elementor-element-4608021 elementor-widget elementor-widget-text-editor\" data-id=\"4608021\" data-element_type=\"widget\" data-e-type=\"widget\" data-widget_type=\"text-editor.default\">\n\t\t\t\t<div class=\"elementor-widget-container\">\n\t\t\t\t\t\t\t\t\t<div id=\"u3361-4\" class=\"animate1 clearfix colelem\" data-muse-uid=\"U3361\" data-muse-type=\"txt_frame\" data-ibe-flags=\"txtStyleSrc\"><p>Veyrac, \u00e0 10 minutes au nord de Limoges\u2026<\/p><\/div><div id=\"u184-19\" class=\"animate1 clearfix colelem\" data-muse-uid=\"U184\" data-muse-type=\"txt_frame\" data-ibe-flags=\"txtStyleSrc\"><p>Poussez les portes de l&rsquo;Auberge de Veyrac, vous appr\u00e9cierez l&rsquo;accueil chaleureux, la luminosit\u00e9 de la v\u00e9randa si agr\u00e9able quelle que soit la saison !<\/p><p>La cuisine g\u00e9n\u00e9reuse et go\u00fbteuse est servie avec le sourire dans les 2 salles (dont l\u2019une tr\u00e8s fleurie).<\/p><p>Ici, les habitu\u00e9s et les gens de passage savourent les sp\u00e9cialit\u00e9s r\u00e9gionales et une cuisine traditionnelle de qualit\u00e9 dont on ne se lasse pas (civet de pieds de porc, pav\u00e9 de b\u0153uf, desserts maison).<\/p><p>Et pourquoi pas d\u00e9guster ces plats en famille ou entre amis ?<\/p><p>Commandez gr\u00e2ce \u00e0 notre service traiteur.<\/p><\/div>\t\t\t\t\t\t\t\t<\/div>\n\t\t\t\t<\/div>\n\t\t\t\t<\/div>\n\t\t<div class=\"elementor-element elementor-element-49eac3f e-con-full e-flex e-con e-child\" data-id=\"49eac3f\" data-element_type=\"container\" data-e-type=\"container\" data-settings=\"{&quot;_ha_eqh_enable&quot;:false}\">\n\t\t\t\t<div class=\"elementor-element elementor-element-f18c2c4 elementor-widget__width-initial elementor-widget elementor-widget-image\" data-id=\"f18c2c4\" data-element_type=\"widget\" data-e-type=\"widget\" data-widget_type=\"image.default\">\n\t\t\t\t<div class=\"elementor-widget-container\">\n\t\t\t\t\t\t\t\t\t\t\t\t\t\t\t<img decoding=\"async\" width=\"800\" height=\"440\" src=\"https:\/\/www.aubergedeveyrac.fr\/wp-content\/uploads\/2024\/04\/auberge-de-veyrac-dessin-veranda-blanc-1024x563.png\" class=\"attachment-large size-large wp-image-170\" alt=\"\" srcset=\"https:\/\/www.aubergedeveyrac.fr\/wp-content\/uploads\/2024\/04\/auberge-de-veyrac-dessin-veranda-blanc-1024x563.png 1024w, https:\/\/www.aubergedeveyrac.fr\/wp-content\/uploads\/2024\/04\/auberge-de-veyrac-dessin-veranda-blanc-300x165.png 300w, https:\/\/www.aubergedeveyrac.fr\/wp-content\/uploads\/2024\/04\/auberge-de-veyrac-dessin-veranda-blanc-768x422.png 768w, https:\/\/www.aubergedeveyrac.fr\/wp-content\/uploads\/2024\/04\/auberge-de-veyrac-dessin-veranda-blanc-1536x845.png 1536w, https:\/\/www.aubergedeveyrac.fr\/wp-content\/uploads\/2024\/04\/auberge-de-veyrac-dessin-veranda-blanc-2048x1126.png 2048w\" sizes=\"(max-width: 800px) 100vw, 800px\" \/>\t\t\t\t\t\t\t\t\t\t\t\t\t\t\t<\/div>\n\t\t\t\t<\/div>\n\t\t\t\t<\/div>\n\t\t\t\t\t<\/div>\n\t\t\t\t<\/div>\n\t\t<div class=\"elementor-element elementor-element-d06eaac e-con-full e-flex e-con e-parent\" data-id=\"d06eaac\" data-element_type=\"container\" data-e-type=\"container\" data-settings=\"{&quot;background_background&quot;:&quot;classic&quot;,&quot;_ha_eqh_enable&quot;:false}\">\n\t\t\t\t<\/div>\n\t\t<div class=\"elementor-element elementor-element-ca147b8 e-flex e-con-boxed e-con e-parent\" data-id=\"ca147b8\" data-element_type=\"container\" data-e-type=\"container\" data-settings=\"{&quot;background_background&quot;:&quot;classic&quot;,&quot;_ha_eqh_enable&quot;:false}\">\n\t\t\t\t\t<div class=\"e-con-inner\">\n\t\t<div class=\"elementor-element elementor-element-8d3c30f e-con-full elementor-hidden-mobile e-flex e-con e-child\" data-id=\"8d3c30f\" data-element_type=\"container\" data-e-type=\"container\" data-settings=\"{&quot;_ha_eqh_enable&quot;:false}\">\n\t\t\t\t<div class=\"elementor-element elementor-element-16d0c39 elementor-widget__width-initial elementor-hidden-mobile elementor-widget elementor-widget-image\" data-id=\"16d0c39\" data-element_type=\"widget\" data-e-type=\"widget\" data-widget_type=\"image.default\">\n\t\t\t\t<div class=\"elementor-widget-container\">\n\t\t\t\t\t\t\t\t\t\t\t\t\t\t\t<img decoding=\"async\" width=\"800\" height=\"480\" src=\"https:\/\/www.aubergedeveyrac.fr\/wp-content\/uploads\/2024\/04\/vache-crayonnee-blanche-vers-droite-1024x615.png\" class=\"attachment-large size-large wp-image-231\" alt=\"\" srcset=\"https:\/\/www.aubergedeveyrac.fr\/wp-content\/uploads\/2024\/04\/vache-crayonnee-blanche-vers-droite-1024x615.png 1024w, https:\/\/www.aubergedeveyrac.fr\/wp-content\/uploads\/2024\/04\/vache-crayonnee-blanche-vers-droite-300x180.png 300w, https:\/\/www.aubergedeveyrac.fr\/wp-content\/uploads\/2024\/04\/vache-crayonnee-blanche-vers-droite-768x461.png 768w, https:\/\/www.aubergedeveyrac.fr\/wp-content\/uploads\/2024\/04\/vache-crayonnee-blanche-vers-droite-1536x923.png 1536w, https:\/\/www.aubergedeveyrac.fr\/wp-content\/uploads\/2024\/04\/vache-crayonnee-blanche-vers-droite.png 1993w\" sizes=\"(max-width: 800px) 100vw, 800px\" \/>\t\t\t\t\t\t\t\t\t\t\t\t\t\t\t<\/div>\n\t\t\t\t<\/div>\n\t\t\t\t<\/div>\n\t\t<div class=\"elementor-element elementor-element-01dbaa7 e-con-full e-flex e-con e-child\" data-id=\"01dbaa7\" data-element_type=\"container\" data-e-type=\"container\" data-settings=\"{&quot;_ha_eqh_enable&quot;:false}\">\n\t\t\t\t<div class=\"elementor-element elementor-element-66c412f elementor-widget elementor-widget-heading\" data-id=\"66c412f\" data-element_type=\"widget\" data-e-type=\"widget\" data-widget_type=\"heading.default\">\n\t\t\t\t<div class=\"elementor-widget-container\">\n\t\t\t\t\t<h2 class=\"elementor-heading-title elementor-size-default\">Restaurez-vous !<\/h2>\t\t\t\t<\/div>\n\t\t\t\t<\/div>\n\t\t\t\t<div class=\"elementor-element elementor-element-f2f8a19 elementor-widget elementor-widget-text-editor\" data-id=\"f2f8a19\" data-element_type=\"widget\" data-e-type=\"widget\" data-widget_type=\"text-editor.default\">\n\t\t\t\t<div class=\"elementor-widget-container\">\n\t\t\t\t\t\t\t\t\t<div id=\"u851-4\" class=\"rounded-corners clearfix colelem\" data-muse-uid=\"U851\" data-muse-type=\"txt_frame\" data-ibe-flags=\"txtStyleSrc\"><h2><span style=\"text-decoration: underline;\"><span id=\"u851\">Le restaurant<\/span><\/span><\/h2><\/div><div id=\"u13839-6\" class=\"rounded-corners clearfix colelem\" data-muse-uid=\"U13839\" data-muse-type=\"txt_frame\" data-ibe-flags=\"txtStyleSrc\"><p><span id=\"u13839\">Venez d\u00e9guster notre cuisine rustique et g\u00e9n\u00e9reuse dans une grande salle ou sur nos deux terrasses<\/span><\/p><p><span id=\"u13839-3\">ou encore sous notre v\u00e9randa panoramique chauff\u00e9e.<\/span><\/p><\/div><div id=\"u13842-4\" class=\"rounded-corners clearfix colelem\" data-muse-uid=\"U13842\" data-muse-type=\"txt_frame\" data-ibe-flags=\"txtStyleSrc\"><h2><span style=\"text-decoration: underline;\"><span id=\"u13842\">La cuisine<\/span><\/span><\/h2><\/div><div id=\"u13845-8\" class=\"rounded-corners clearfix colelem\" data-muse-uid=\"U13845\" data-muse-type=\"txt_frame\" data-ibe-flags=\"txtStyleSrc\"><p id=\"u13845-2\">D\u00e9couvrez les produits frais et de saison avec lesquels nous travaillons (poissons et l\u00e9gumes frais\u2026).<\/p><p><span id=\"u13845-4\">Le b\u0153uf limousin, fleuron de notre gastronomie est aussi \u00e0 l\u2019honneur sur nos tables\u00a0 parce que nous avons \u00e0 c\u0153ur la joie de vos papilles.<\/span><\/p><\/div>\t\t\t\t\t\t\t\t<\/div>\n\t\t\t\t<\/div>\n\t\t\t\t<div class=\"elementor-element elementor-element-72b3a5a elementor-widget elementor-widget-heading\" data-id=\"72b3a5a\" data-element_type=\"widget\" data-e-type=\"widget\" data-widget_type=\"heading.default\">\n\t\t\t\t<div class=\"elementor-widget-container\">\n\t\t\t\t\t<h2 class=\"elementor-heading-title elementor-size-default\">Vos \u00e9v\u00e8nements<\/h2>\t\t\t\t<\/div>\n\t\t\t\t<\/div>\n\t\t\t\t<div class=\"elementor-element elementor-element-a9d8835 elementor-widget elementor-widget-text-editor\" data-id=\"a9d8835\" data-element_type=\"widget\" data-e-type=\"widget\" data-widget_type=\"text-editor.default\">\n\t\t\t\t<div class=\"elementor-widget-container\">\n\t\t\t\t\t\t\t\t\t<p><span id=\"u13857\">L\u2019Auberge de Veyrac est l\u2019endroit id\u00e9al pour faire de chaque \u00e9v\u00e9nement marquant de votre vie un moment unique et inoubliable.<\/span><\/p><p><span id=\"u13857-4\">Un espace de 800 m2 ext\u00e9rieur avec mange-debout, lumi\u00e8res, plancha, chapiteau\u2026<\/span><\/p><p><span id=\"u13857-7\">Chaque demande est \u00e9tudi\u00e9e sp\u00e9cialement, n\u2019h\u00e9sitez pas \u00e0 nous contacter.<\/span><\/p>\t\t\t\t\t\t\t\t<\/div>\n\t\t\t\t<\/div>\n\t\t\t\t<div class=\"elementor-element elementor-element-c829cca elementor-widget elementor-widget-heading\" data-id=\"c829cca\" data-element_type=\"widget\" data-e-type=\"widget\" data-widget_type=\"heading.default\">\n\t\t\t\t<div class=\"elementor-widget-container\">\n\t\t\t\t\t<h2 class=\"elementor-heading-title elementor-size-default\">Nos horaires<\/h2>\t\t\t\t<\/div>\n\t\t\t\t<\/div>\n\t\t\t\t<div class=\"elementor-element elementor-element-3448b9c elementor-widget elementor-widget-text-editor\" data-id=\"3448b9c\" data-element_type=\"widget\" data-e-type=\"widget\" data-widget_type=\"text-editor.default\">\n\t\t\t\t<div class=\"elementor-widget-container\">\n\t\t\t\t\t\t\t\t\t<p>Ouvert<br \/>Lundi :\u2002<span style=\"color: #ff6600;\">ferm\u00e9<\/span>\u2002<br \/>\u2002\u2002\u2002Mardi\u200212h-14h00\u200219h00-20h30<br \/>Mercredi\u200212h-14h00\u200219h00-20h30<br \/>\u2002\u2002\u2002Jeudi\u200212h-14h00\u200219h00-20h30<br \/>Vendredi\u200212h-14h00\u200219h00-21h30<br \/>\u2002Samedi\u200212h-14h00\u200219h00-21h30<br \/>Dimanche :\u2002<span style=\"color: #ff6600;\">ferm\u00e9<\/span>\u2002<\/p>\t\t\t\t\t\t\t\t<\/div>\n\t\t\t\t<\/div>\n\t\t\t\t<\/div>\n\t\t<div class=\"elementor-element elementor-element-ecb01fc e-con-full e-flex e-con e-child\" data-id=\"ecb01fc\" data-element_type=\"container\" data-e-type=\"container\" data-settings=\"{&quot;_ha_eqh_enable&quot;:false}\">\n\t\t\t\t<div class=\"elementor-element elementor-element-ec5aae7 elementor-widget__width-initial elementor-hidden-mobile elementor-widget elementor-widget-image\" data-id=\"ec5aae7\" data-element_type=\"widget\" data-e-type=\"widget\" data-widget_type=\"image.default\">\n\t\t\t\t<div class=\"elementor-widget-container\">\n\t\t\t\t\t\t\t\t\t\t\t\t\t\t\t<img loading=\"lazy\" decoding=\"async\" width=\"800\" height=\"480\" src=\"https:\/\/www.aubergedeveyrac.fr\/wp-content\/uploads\/2024\/04\/vache-crayonnee-blanche-2-1024x615.png\" class=\"attachment-large size-large wp-image-207\" alt=\"\" srcset=\"https:\/\/www.aubergedeveyrac.fr\/wp-content\/uploads\/2024\/04\/vache-crayonnee-blanche-2-1024x615.png 1024w, https:\/\/www.aubergedeveyrac.fr\/wp-content\/uploads\/2024\/04\/vache-crayonnee-blanche-2-300x180.png 300w, https:\/\/www.aubergedeveyrac.fr\/wp-content\/uploads\/2024\/04\/vache-crayonnee-blanche-2-768x461.png 768w, https:\/\/www.aubergedeveyrac.fr\/wp-content\/uploads\/2024\/04\/vache-crayonnee-blanche-2-1536x923.png 1536w, https:\/\/www.aubergedeveyrac.fr\/wp-content\/uploads\/2024\/04\/vache-crayonnee-blanche-2.png 1993w\" sizes=\"(max-width: 800px) 100vw, 800px\" \/>\t\t\t\t\t\t\t\t\t\t\t\t\t\t\t<\/div>\n\t\t\t\t<\/div>\n\t\t\t\t<\/div>\n\t\t\t\t\t<\/div>\n\t\t\t\t<\/div>\n\t\t\t\t<\/div>\n\t\t","protected":false},"excerpt":{"rendered":"<p>Bienvenue \u00e0 l&rsquo;Auberge ! Veyrac, \u00e0 10 minutes au nord de Limoges\u2026 Poussez les portes de l&rsquo;Auberge de Veyrac, vous appr\u00e9cierez l&rsquo;accueil chaleureux, la luminosit\u00e9 de la v\u00e9randa si agr\u00e9able quelle que soit la saison ! La cuisine g\u00e9n\u00e9reuse et go\u00fbteuse est servie avec le sourire dans les 2 salles (dont l\u2019une tr\u00e8s fleurie). Ici, [&hellip;]<\/p>\n","protected":false},"author":3,"featured_media":0,"parent":0,"menu_order":0,"comment_status":"closed","ping_status":"closed","template":"elementor_header_footer","meta":{"footnotes":""},"class_list":["post-84","page","type-page","status-publish","hentry"],"yoast_head":"<!-- This site is optimized with the Yoast SEO plugin v27.5 - https:\/\/yoast.com\/product\/yoast-seo-wordpress\/ -->\n<title>ACCUEIL - Auberge de Veyrac<\/title>\n<meta name=\"robots\" content=\"index, follow, max-snippet:-1, max-image-preview:large, max-video-preview:-1\" \/>\n<link rel=\"canonical\" href=\"https:\/\/www.aubergedeveyrac.fr\/\" \/>\n<meta property=\"og:locale\" content=\"fr_FR\" \/>\n<meta property=\"og:type\" content=\"article\" \/>\n<meta property=\"og:title\" content=\"ACCUEIL - Auberge de Veyrac\" \/>\n<meta property=\"og:description\" content=\"Bienvenue \u00e0 l&rsquo;Auberge ! Veyrac, \u00e0 10 minutes au nord de Limoges\u2026 Poussez les portes de l&rsquo;Auberge de Veyrac, vous appr\u00e9cierez l&rsquo;accueil chaleureux, la luminosit\u00e9 de la v\u00e9randa si agr\u00e9able quelle que soit la saison ! La cuisine g\u00e9n\u00e9reuse et go\u00fbteuse est servie avec le sourire dans les 2 salles (dont l\u2019une tr\u00e8s fleurie). Ici, [&hellip;]\" \/>\n<meta property=\"og:url\" content=\"https:\/\/www.aubergedeveyrac.fr\/\" \/>\n<meta property=\"og:site_name\" content=\"Auberge de Veyrac\" \/>\n<meta property=\"article:modified_time\" content=\"2026-01-28T09:16:24+00:00\" \/>\n<meta property=\"og:image\" content=\"https:\/\/www.aubergedeveyrac.fr\/wp-content\/uploads\/2024\/04\/AUBERGE-DE-VEYRAC-logo-blanc-300.png\" \/>\n\t<meta property=\"og:image:width\" content=\"735\" \/>\n\t<meta property=\"og:image:height\" content=\"793\" \/>\n\t<meta property=\"og:image:type\" content=\"image\/png\" \/>\n<meta name=\"twitter:card\" content=\"summary_large_image\" \/>\n<meta name=\"twitter:label1\" content=\"Dur\u00e9e de lecture estim\u00e9e\" \/>\n\t<meta name=\"twitter:data1\" content=\"3 minutes\" \/>\n<script type=\"application\/ld+json\" class=\"yoast-schema-graph\">{\"@context\":\"https:\\\/\\\/schema.org\",\"@graph\":[{\"@type\":\"WebPage\",\"@id\":\"https:\\\/\\\/www.aubergedeveyrac.fr\\\/\",\"url\":\"https:\\\/\\\/www.aubergedeveyrac.fr\\\/\",\"name\":\"ACCUEIL - Auberge de Veyrac\",\"isPartOf\":{\"@id\":\"https:\\\/\\\/www.aubergedeveyrac.fr\\\/#website\"},\"primaryImageOfPage\":{\"@id\":\"https:\\\/\\\/www.aubergedeveyrac.fr\\\/#primaryimage\"},\"image\":{\"@id\":\"https:\\\/\\\/www.aubergedeveyrac.fr\\\/#primaryimage\"},\"thumbnailUrl\":\"https:\\\/\\\/www.aubergedeveyrac.fr\\\/wp-content\\\/uploads\\\/2024\\\/04\\\/AUBERGE-DE-VEYRAC-logo-blanc-300.png\",\"datePublished\":\"2024-04-04T08:17:14+00:00\",\"dateModified\":\"2026-01-28T09:16:24+00:00\",\"breadcrumb\":{\"@id\":\"https:\\\/\\\/www.aubergedeveyrac.fr\\\/#breadcrumb\"},\"inLanguage\":\"fr-FR\",\"potentialAction\":[{\"@type\":\"ReadAction\",\"target\":[\"https:\\\/\\\/www.aubergedeveyrac.fr\\\/\"]}]},{\"@type\":\"ImageObject\",\"inLanguage\":\"fr-FR\",\"@id\":\"https:\\\/\\\/www.aubergedeveyrac.fr\\\/#primaryimage\",\"url\":\"https:\\\/\\\/www.aubergedeveyrac.fr\\\/wp-content\\\/uploads\\\/2024\\\/04\\\/AUBERGE-DE-VEYRAC-logo-blanc-300.png\",\"contentUrl\":\"https:\\\/\\\/www.aubergedeveyrac.fr\\\/wp-content\\\/uploads\\\/2024\\\/04\\\/AUBERGE-DE-VEYRAC-logo-blanc-300.png\",\"width\":735,\"height\":793},{\"@type\":\"BreadcrumbList\",\"@id\":\"https:\\\/\\\/www.aubergedeveyrac.fr\\\/#breadcrumb\",\"itemListElement\":[{\"@type\":\"ListItem\",\"position\":1,\"name\":\"Accueil\",\"item\":\"https:\\\/\\\/www.aubergedeveyrac.fr\\\/\"},{\"@type\":\"ListItem\",\"position\":2,\"name\":\"ACCUEIL\"}]},{\"@type\":\"WebSite\",\"@id\":\"https:\\\/\\\/www.aubergedeveyrac.fr\\\/#website\",\"url\":\"https:\\\/\\\/www.aubergedeveyrac.fr\\\/\",\"name\":\"Auberge de Veyrac\",\"description\":\"Bienvenue dans un univers succulent\",\"publisher\":{\"@id\":\"https:\\\/\\\/www.aubergedeveyrac.fr\\\/#organization\"},\"potentialAction\":[{\"@type\":\"SearchAction\",\"target\":{\"@type\":\"EntryPoint\",\"urlTemplate\":\"https:\\\/\\\/www.aubergedeveyrac.fr\\\/?s={search_term_string}\"},\"query-input\":{\"@type\":\"PropertyValueSpecification\",\"valueRequired\":true,\"valueName\":\"search_term_string\"}}],\"inLanguage\":\"fr-FR\"},{\"@type\":\"Organization\",\"@id\":\"https:\\\/\\\/www.aubergedeveyrac.fr\\\/#organization\",\"name\":\"Auberge de Veyrac\",\"url\":\"https:\\\/\\\/www.aubergedeveyrac.fr\\\/\",\"logo\":{\"@type\":\"ImageObject\",\"inLanguage\":\"fr-FR\",\"@id\":\"https:\\\/\\\/www.aubergedeveyrac.fr\\\/#\\\/schema\\\/logo\\\/image\\\/\",\"url\":\"https:\\\/\\\/www.aubergedeveyrac.fr\\\/wp-content\\\/uploads\\\/2024\\\/04\\\/auberge-de-veyrac_logo_noir_48x39.png\",\"contentUrl\":\"https:\\\/\\\/www.aubergedeveyrac.fr\\\/wp-content\\\/uploads\\\/2024\\\/04\\\/auberge-de-veyrac_logo_noir_48x39.png\",\"width\":48,\"height\":39,\"caption\":\"Auberge de Veyrac\"},\"image\":{\"@id\":\"https:\\\/\\\/www.aubergedeveyrac.fr\\\/#\\\/schema\\\/logo\\\/image\\\/\"}}]}<\/script>\n<!-- \/ Yoast SEO plugin. -->","yoast_head_json":{"title":"ACCUEIL - Auberge de Veyrac","robots":{"index":"index","follow":"follow","max-snippet":"max-snippet:-1","max-image-preview":"max-image-preview:large","max-video-preview":"max-video-preview:-1"},"canonical":"https:\/\/www.aubergedeveyrac.fr\/","og_locale":"fr_FR","og_type":"article","og_title":"ACCUEIL - Auberge de Veyrac","og_description":"Bienvenue \u00e0 l&rsquo;Auberge ! Veyrac, \u00e0 10 minutes au nord de Limoges\u2026 Poussez les portes de l&rsquo;Auberge de Veyrac, vous appr\u00e9cierez l&rsquo;accueil chaleureux, la luminosit\u00e9 de la v\u00e9randa si agr\u00e9able quelle que soit la saison ! La cuisine g\u00e9n\u00e9reuse et go\u00fbteuse est servie avec le sourire dans les 2 salles (dont l\u2019une tr\u00e8s fleurie). Ici, [&hellip;]","og_url":"https:\/\/www.aubergedeveyrac.fr\/","og_site_name":"Auberge de Veyrac","article_modified_time":"2026-01-28T09:16:24+00:00","og_image":[{"width":735,"height":793,"url":"https:\/\/www.aubergedeveyrac.fr\/wp-content\/uploads\/2024\/04\/AUBERGE-DE-VEYRAC-logo-blanc-300.png","type":"image\/png"}],"twitter_card":"summary_large_image","twitter_misc":{"Dur\u00e9e de lecture estim\u00e9e":"3 minutes"},"schema":{"@context":"https:\/\/schema.org","@graph":[{"@type":"WebPage","@id":"https:\/\/www.aubergedeveyrac.fr\/","url":"https:\/\/www.aubergedeveyrac.fr\/","name":"ACCUEIL - Auberge de Veyrac","isPartOf":{"@id":"https:\/\/www.aubergedeveyrac.fr\/#website"},"primaryImageOfPage":{"@id":"https:\/\/www.aubergedeveyrac.fr\/#primaryimage"},"image":{"@id":"https:\/\/www.aubergedeveyrac.fr\/#primaryimage"},"thumbnailUrl":"https:\/\/www.aubergedeveyrac.fr\/wp-content\/uploads\/2024\/04\/AUBERGE-DE-VEYRAC-logo-blanc-300.png","datePublished":"2024-04-04T08:17:14+00:00","dateModified":"2026-01-28T09:16:24+00:00","breadcrumb":{"@id":"https:\/\/www.aubergedeveyrac.fr\/#breadcrumb"},"inLanguage":"fr-FR","potentialAction":[{"@type":"ReadAction","target":["https:\/\/www.aubergedeveyrac.fr\/"]}]},{"@type":"ImageObject","inLanguage":"fr-FR","@id":"https:\/\/www.aubergedeveyrac.fr\/#primaryimage","url":"https:\/\/www.aubergedeveyrac.fr\/wp-content\/uploads\/2024\/04\/AUBERGE-DE-VEYRAC-logo-blanc-300.png","contentUrl":"https:\/\/www.aubergedeveyrac.fr\/wp-content\/uploads\/2024\/04\/AUBERGE-DE-VEYRAC-logo-blanc-300.png","width":735,"height":793},{"@type":"BreadcrumbList","@id":"https:\/\/www.aubergedeveyrac.fr\/#breadcrumb","itemListElement":[{"@type":"ListItem","position":1,"name":"Accueil","item":"https:\/\/www.aubergedeveyrac.fr\/"},{"@type":"ListItem","position":2,"name":"ACCUEIL"}]},{"@type":"WebSite","@id":"https:\/\/www.aubergedeveyrac.fr\/#website","url":"https:\/\/www.aubergedeveyrac.fr\/","name":"Auberge de Veyrac","description":"Bienvenue dans un univers succulent","publisher":{"@id":"https:\/\/www.aubergedeveyrac.fr\/#organization"},"potentialAction":[{"@type":"SearchAction","target":{"@type":"EntryPoint","urlTemplate":"https:\/\/www.aubergedeveyrac.fr\/?s={search_term_string}"},"query-input":{"@type":"PropertyValueSpecification","valueRequired":true,"valueName":"search_term_string"}}],"inLanguage":"fr-FR"},{"@type":"Organization","@id":"https:\/\/www.aubergedeveyrac.fr\/#organization","name":"Auberge de Veyrac","url":"https:\/\/www.aubergedeveyrac.fr\/","logo":{"@type":"ImageObject","inLanguage":"fr-FR","@id":"https:\/\/www.aubergedeveyrac.fr\/#\/schema\/logo\/image\/","url":"https:\/\/www.aubergedeveyrac.fr\/wp-content\/uploads\/2024\/04\/auberge-de-veyrac_logo_noir_48x39.png","contentUrl":"https:\/\/www.aubergedeveyrac.fr\/wp-content\/uploads\/2024\/04\/auberge-de-veyrac_logo_noir_48x39.png","width":48,"height":39,"caption":"Auberge de Veyrac"},"image":{"@id":"https:\/\/www.aubergedeveyrac.fr\/#\/schema\/logo\/image\/"}}]}},"_links":{"self":[{"href":"https:\/\/www.aubergedeveyrac.fr\/index.php\/wp-json\/wp\/v2\/pages\/84","targetHints":{"allow":["GET"]}}],"collection":[{"href":"https:\/\/www.aubergedeveyrac.fr\/index.php\/wp-json\/wp\/v2\/pages"}],"about":[{"href":"https:\/\/www.aubergedeveyrac.fr\/index.php\/wp-json\/wp\/v2\/types\/page"}],"author":[{"embeddable":true,"href":"https:\/\/www.aubergedeveyrac.fr\/index.php\/wp-json\/wp\/v2\/users\/3"}],"replies":[{"embeddable":true,"href":"https:\/\/www.aubergedeveyrac.fr\/index.php\/wp-json\/wp\/v2\/comments?post=84"}],"version-history":[{"count":193,"href":"https:\/\/www.aubergedeveyrac.fr\/index.php\/wp-json\/wp\/v2\/pages\/84\/revisions"}],"predecessor-version":[{"id":1878,"href":"https:\/\/www.aubergedeveyrac.fr\/index.php\/wp-json\/wp\/v2\/pages\/84\/revisions\/1878"}],"wp:attachment":[{"href":"https:\/\/www.aubergedeveyrac.fr\/index.php\/wp-json\/wp\/v2\/media?parent=84"}],"curies":[{"name":"wp","href":"https:\/\/api.w.org\/{rel}","templated":true}]}}