{"id":245,"date":"2024-04-05T12:54:30","date_gmt":"2024-04-05T10:54:30","guid":{"rendered":"http:\/\/ldrgbud.cluster023.hosting.ovh.net\/?page_id=245"},"modified":"2026-04-30T11:54:00","modified_gmt":"2026-04-30T09:54:00","slug":"notre-carte","status":"publish","type":"page","link":"https:\/\/www.aubergedeveyrac.fr\/index.php\/notre-carte\/","title":{"rendered":"NOTRE CARTE"},"content":{"rendered":"\t\t<div data-elementor-type=\"wp-page\" data-elementor-id=\"245\" class=\"elementor elementor-245\" data-elementor-settings=\"{&quot;ha_cmc_init_switcher&quot;:&quot;no&quot;}\">\n\t\t\t\t<div class=\"elementor-element elementor-element-e449473 e-con-full e-flex e-con e-parent\" data-id=\"e449473\" data-element_type=\"container\" data-e-type=\"container\" data-settings=\"{&quot;background_background&quot;:&quot;slideshow&quot;,&quot;background_slideshow_gallery&quot;:[{&quot;id&quot;:62,&quot;url&quot;:&quot;https:\\\/\\\/www.aubergedeveyrac.fr\\\/wp-content\\\/uploads\\\/2024\\\/04\\\/evenements-2-jos_1271.jpg&quot;},{&quot;id&quot;:695,&quot;url&quot;:&quot;https:\\\/\\\/www.aubergedeveyrac.fr\\\/wp-content\\\/uploads\\\/2024\\\/04\\\/IMG_7648.png&quot;},{&quot;id&quot;:696,&quot;url&quot;:&quot;https:\\\/\\\/www.aubergedeveyrac.fr\\\/wp-content\\\/uploads\\\/2024\\\/04\\\/IMG_7650.png&quot;},{&quot;id&quot;:698,&quot;url&quot;:&quot;https:\\\/\\\/www.aubergedeveyrac.fr\\\/wp-content\\\/uploads\\\/2024\\\/04\\\/IMG_7659.png&quot;},{&quot;id&quot;:699,&quot;url&quot;:&quot;https:\\\/\\\/www.aubergedeveyrac.fr\\\/wp-content\\\/uploads\\\/2024\\\/04\\\/IMG_7653.png&quot;},{&quot;id&quot;:64,&quot;url&quot;:&quot;https:\\\/\\\/www.aubergedeveyrac.fr\\\/wp-content\\\/uploads\\\/2024\\\/04\\\/evenements-4-img_0194.jpg&quot;}],&quot;background_slideshow_transition_duration&quot;:1000,&quot;background_slideshow_ken_burns&quot;:&quot;yes&quot;,&quot;background_slideshow_loop&quot;:&quot;yes&quot;,&quot;background_slideshow_slide_duration&quot;:5000,&quot;background_slideshow_slide_transition&quot;:&quot;fade&quot;,&quot;background_slideshow_ken_burns_zoom_direction&quot;:&quot;in&quot;,&quot;_ha_eqh_enable&quot;:false}\">\n\t\t\t\t<div class=\"elementor-element elementor-element-f31c849 elementor-widget elementor-widget-image\" data-id=\"f31c849\" data-element_type=\"widget\" data-e-type=\"widget\" data-widget_type=\"image.default\">\n\t\t\t\t<div class=\"elementor-widget-container\">\n\t\t\t\t\t\t\t\t\t\t\t\t\t\t\t<img fetchpriority=\"high\" decoding=\"async\" width=\"735\" height=\"793\" src=\"https:\/\/www.aubergedeveyrac.fr\/wp-content\/uploads\/2024\/04\/AUBERGE-DE-VEYRAC-logo-blanc-300.png\" class=\"attachment-2048x2048 size-2048x2048 wp-image-131\" alt=\"\" srcset=\"https:\/\/www.aubergedeveyrac.fr\/wp-content\/uploads\/2024\/04\/AUBERGE-DE-VEYRAC-logo-blanc-300.png 735w, https:\/\/www.aubergedeveyrac.fr\/wp-content\/uploads\/2024\/04\/AUBERGE-DE-VEYRAC-logo-blanc-300-278x300.png 278w\" sizes=\"(max-width: 735px) 100vw, 735px\" \/>\t\t\t\t\t\t\t\t\t\t\t\t\t\t\t<\/div>\n\t\t\t\t<\/div>\n\t\t\t\t<\/div>\n\t\t<div class=\"elementor-element elementor-element-6b5139c e-flex e-con-boxed e-con e-parent\" data-id=\"6b5139c\" data-element_type=\"container\" data-e-type=\"container\" data-settings=\"{&quot;background_background&quot;:&quot;classic&quot;,&quot;_ha_eqh_enable&quot;:false}\">\n\t\t\t\t\t<div class=\"e-con-inner\">\n\t\t<div class=\"elementor-element elementor-element-28251fd e-con-full e-flex e-con e-child\" data-id=\"28251fd\" data-element_type=\"container\" data-e-type=\"container\" data-settings=\"{&quot;_ha_eqh_enable&quot;:false}\">\n\t\t\t\t<div class=\"elementor-element elementor-element-e774571 e-transform elementor-widget elementor-widget-heading\" data-id=\"e774571\" data-element_type=\"widget\" data-e-type=\"widget\" data-settings=\"{&quot;_transform_rotateZ_effect&quot;:{&quot;unit&quot;:&quot;px&quot;,&quot;size&quot;:-8,&quot;sizes&quot;:[]},&quot;_transform_rotateZ_effect_tablet&quot;:{&quot;unit&quot;:&quot;deg&quot;,&quot;size&quot;:&quot;&quot;,&quot;sizes&quot;:[]},&quot;_transform_rotateZ_effect_mobile&quot;:{&quot;unit&quot;:&quot;deg&quot;,&quot;size&quot;:&quot;&quot;,&quot;sizes&quot;:[]}}\" data-widget_type=\"heading.default\">\n\t\t\t\t<div class=\"elementor-widget-container\">\n\t\t\t\t\t<h1 class=\"elementor-heading-title elementor-size-default\"><a href=\"#entrees\">Nos Entr\u00e9es<\/a><\/h1>\t\t\t\t<\/div>\n\t\t\t\t<\/div>\n\t\t\t\t<\/div>\n\t\t<div class=\"elementor-element elementor-element-99bfbdf e-con-full e-flex e-con e-child\" data-id=\"99bfbdf\" data-element_type=\"container\" data-e-type=\"container\" data-settings=\"{&quot;_ha_eqh_enable&quot;:false}\">\n\t\t\t\t<div class=\"elementor-element elementor-element-ef6438f e-transform elementor-widget elementor-widget-heading\" data-id=\"ef6438f\" data-element_type=\"widget\" data-e-type=\"widget\" data-settings=\"{&quot;_transform_rotateZ_effect&quot;:{&quot;unit&quot;:&quot;px&quot;,&quot;size&quot;:-8,&quot;sizes&quot;:[]},&quot;_transform_rotateZ_effect_tablet&quot;:{&quot;unit&quot;:&quot;deg&quot;,&quot;size&quot;:&quot;&quot;,&quot;sizes&quot;:[]},&quot;_transform_rotateZ_effect_mobile&quot;:{&quot;unit&quot;:&quot;deg&quot;,&quot;size&quot;:&quot;&quot;,&quot;sizes&quot;:[]}}\" data-widget_type=\"heading.default\">\n\t\t\t\t<div class=\"elementor-widget-container\">\n\t\t\t\t\t<h1 class=\"elementor-heading-title elementor-size-default\"><a href=\"#plats\">Nos Plats<\/a><\/h1>\t\t\t\t<\/div>\n\t\t\t\t<\/div>\n\t\t\t\t<\/div>\n\t\t<div class=\"elementor-element elementor-element-53a3c6a e-con-full e-flex e-con e-child\" data-id=\"53a3c6a\" data-element_type=\"container\" data-e-type=\"container\" data-settings=\"{&quot;_ha_eqh_enable&quot;:false}\">\n\t\t\t\t<div class=\"elementor-element elementor-element-fa68c92 e-transform elementor-widget elementor-widget-heading\" data-id=\"fa68c92\" data-element_type=\"widget\" data-e-type=\"widget\" data-settings=\"{&quot;_transform_rotateZ_effect&quot;:{&quot;unit&quot;:&quot;px&quot;,&quot;size&quot;:-8,&quot;sizes&quot;:[]},&quot;_transform_rotateZ_effect_tablet&quot;:{&quot;unit&quot;:&quot;deg&quot;,&quot;size&quot;:&quot;&quot;,&quot;sizes&quot;:[]},&quot;_transform_rotateZ_effect_mobile&quot;:{&quot;unit&quot;:&quot;deg&quot;,&quot;size&quot;:&quot;&quot;,&quot;sizes&quot;:[]}}\" data-widget_type=\"heading.default\">\n\t\t\t\t<div class=\"elementor-widget-container\">\n\t\t\t\t\t<h1 class=\"elementor-heading-title elementor-size-default\"><a href=\"#desserts\">Nos Desserts<\/a><\/h1>\t\t\t\t<\/div>\n\t\t\t\t<\/div>\n\t\t\t\t<\/div>\n\t\t<div class=\"elementor-element elementor-element-b1bd2ba e-con-full e-flex e-con e-child\" data-id=\"b1bd2ba\" data-element_type=\"container\" data-e-type=\"container\" data-settings=\"{&quot;_ha_eqh_enable&quot;:false}\">\n\t\t\t\t<div class=\"elementor-element elementor-element-855148a e-transform elementor-widget elementor-widget-heading\" data-id=\"855148a\" data-element_type=\"widget\" data-e-type=\"widget\" data-settings=\"{&quot;_transform_rotateZ_effect&quot;:{&quot;unit&quot;:&quot;px&quot;,&quot;size&quot;:-8,&quot;sizes&quot;:[]},&quot;_transform_rotateZ_effect_tablet&quot;:{&quot;unit&quot;:&quot;deg&quot;,&quot;size&quot;:&quot;&quot;,&quot;sizes&quot;:[]},&quot;_transform_rotateZ_effect_mobile&quot;:{&quot;unit&quot;:&quot;deg&quot;,&quot;size&quot;:&quot;&quot;,&quot;sizes&quot;:[]}}\" data-widget_type=\"heading.default\">\n\t\t\t\t<div class=\"elementor-widget-container\">\n\t\t\t\t\t<h1 class=\"elementor-heading-title elementor-size-default\"><a href=\"#formules\">Nos Formules et Menus<\/a><\/h1>\t\t\t\t<\/div>\n\t\t\t\t<\/div>\n\t\t\t\t<\/div>\n\t\t\t\t\t<\/div>\n\t\t\t\t<\/div>\n\t\t<div class=\"elementor-element elementor-element-26b1ffa e-flex e-con-boxed e-con e-parent\" data-id=\"26b1ffa\" data-element_type=\"container\" data-e-type=\"container\" data-settings=\"{&quot;background_background&quot;:&quot;classic&quot;,&quot;_ha_eqh_enable&quot;:false}\">\n\t\t\t\t\t<div class=\"e-con-inner\">\n\t\t<div class=\"elementor-element elementor-element-4629d6a e-con-full e-flex e-con e-child\" data-id=\"4629d6a\" data-element_type=\"container\" data-e-type=\"container\" data-settings=\"{&quot;_ha_eqh_enable&quot;:false}\">\n\t\t\t\t<div class=\"elementor-element elementor-element-fcd0c1a elementor-widget elementor-widget-heading\" data-id=\"fcd0c1a\" data-element_type=\"widget\" data-e-type=\"widget\" data-widget_type=\"heading.default\">\n\t\t\t\t<div class=\"elementor-widget-container\">\n\t\t\t\t\t<h2 class=\"elementor-heading-title elementor-size-default\">Carte et Menus<br>Notre chef et son \u00e9quipe sont actuellement en train de concevoir les prochains menus.Vous pourrez tr\u00e8s rapidement les d\u00e9couvrir.<\/h2>\t\t\t\t<\/div>\n\t\t\t\t<\/div>\n\t\t\t\t<div class=\"elementor-element elementor-element-4608021 elementor-hidden-desktop elementor-hidden-tablet elementor-hidden-mobile elementor-widget elementor-widget-text-editor\" data-id=\"4608021\" data-element_type=\"widget\" data-e-type=\"widget\" data-widget_type=\"text-editor.default\">\n\t\t\t\t<div class=\"elementor-widget-container\">\n\t\t\t\t\t\t\t\t\t<p>Accueil convivial et chaleureux.<\/p><p>Avec nos viandes choisies ainsi que nos poissons et l\u00e9gumes, nos chefs vous pr\u00e9sentent une large gamme de plats \u00e9labor\u00e9s avec leur savoir faire.<\/p><p>D\u00e9couvrez les produits frais et de saison avec lesquels nous travaillons (poissons, viandes, l\u00e9gumes\u2026).<\/p><p>Le b\u0153uf limousin, fleuron de notre gastronomie est aussi \u00e0 l\u2019honneur sur nos tables parce que nous avons \u00e0 c\u0153ur la joie de vos papilles.<\/p><p>Nous vous souhaitons un agr\u00e9able moment.<\/p><p>Bon App\u00e9tit !<\/p>\t\t\t\t\t\t\t\t<\/div>\n\t\t\t\t<\/div>\n\t\t\t\t<\/div>\n\t\t<div class=\"elementor-element elementor-element-49eac3f e-con-full e-flex e-con e-child\" data-id=\"49eac3f\" data-element_type=\"container\" data-e-type=\"container\" data-settings=\"{&quot;_ha_eqh_enable&quot;:false}\">\n\t\t\t\t<div class=\"elementor-element elementor-element-f18c2c4 elementor-widget__width-initial elementor-widget elementor-widget-image\" data-id=\"f18c2c4\" data-element_type=\"widget\" data-e-type=\"widget\" data-widget_type=\"image.default\">\n\t\t\t\t<div class=\"elementor-widget-container\">\n\t\t\t\t\t\t\t\t\t\t\t\t\t\t\t<img decoding=\"async\" width=\"800\" height=\"682\" src=\"https:\/\/www.aubergedeveyrac.fr\/wp-content\/uploads\/2024\/04\/auberge-de-veyrac-dessin-plats-crayonnes-blancs-1024x873.png\" class=\"attachment-large size-large wp-image-248\" alt=\"\" srcset=\"https:\/\/www.aubergedeveyrac.fr\/wp-content\/uploads\/2024\/04\/auberge-de-veyrac-dessin-plats-crayonnes-blancs-1024x873.png 1024w, https:\/\/www.aubergedeveyrac.fr\/wp-content\/uploads\/2024\/04\/auberge-de-veyrac-dessin-plats-crayonnes-blancs-300x256.png 300w, https:\/\/www.aubergedeveyrac.fr\/wp-content\/uploads\/2024\/04\/auberge-de-veyrac-dessin-plats-crayonnes-blancs-768x654.png 768w, https:\/\/www.aubergedeveyrac.fr\/wp-content\/uploads\/2024\/04\/auberge-de-veyrac-dessin-plats-crayonnes-blancs-1536x1309.png 1536w, https:\/\/www.aubergedeveyrac.fr\/wp-content\/uploads\/2024\/04\/auberge-de-veyrac-dessin-plats-crayonnes-blancs-2048x1745.png 2048w\" sizes=\"(max-width: 800px) 100vw, 800px\" \/>\t\t\t\t\t\t\t\t\t\t\t\t\t\t\t<\/div>\n\t\t\t\t<\/div>\n\t\t\t\t<\/div>\n\t\t\t\t\t<\/div>\n\t\t\t\t<\/div>\n\t\t<div class=\"elementor-element elementor-element-9049f8f e-flex e-con-boxed e-con e-parent\" data-id=\"9049f8f\" data-element_type=\"container\" data-e-type=\"container\" data-settings=\"{&quot;background_background&quot;:&quot;classic&quot;,&quot;_ha_eqh_enable&quot;:false}\">\n\t\t\t\t\t<div class=\"e-con-inner\">\n\t\t\t\t\t<\/div>\n\t\t\t\t<\/div>\n\t\t<div class=\"elementor-element elementor-element-f41c7e1 e-con-full elementor-hidden-desktop elementor-hidden-tablet elementor-hidden-mobile e-flex e-con e-parent\" data-id=\"f41c7e1\" data-element_type=\"container\" data-e-type=\"container\" data-settings=\"{&quot;background_background&quot;:&quot;classic&quot;,&quot;_ha_eqh_enable&quot;:false}\">\n\t\t<div class=\"elementor-element elementor-element-e4611bc e-con-full e-flex e-con e-child\" data-id=\"e4611bc\" data-element_type=\"container\" data-e-type=\"container\" data-settings=\"{&quot;_ha_eqh_enable&quot;:false}\">\n\t\t\t\t<div class=\"elementor-element elementor-element-17a1040 elementor-widget elementor-widget-text-editor\" data-id=\"17a1040\" data-element_type=\"widget\" data-e-type=\"widget\" data-widget_type=\"text-editor.default\">\n\t\t\t\t<div class=\"elementor-widget-container\">\n\t\t\t\t\t\t\t\t\t<div id=\"u16690\" class=\"clearfix colelem\"><div id=\"u16692-16\" class=\"clearfix grpelem\" data-muse-uid=\"U16692\" data-muse-type=\"txt_frame\" data-ibe-flags=\"txtStyleSrc\"><h1><span style=\"text-decoration: underline;\"><span id=\"u16692\" class=\"texte-bold\">Nos Salades<\/span><\/span><\/h1><\/div><table width=\"724\"><tbody><tr><td width=\"661\"><p><strong>Salade Verte<\/strong><\/p><\/td><td width=\"63\"><p>4.00\u20ac<\/p><\/td><\/tr><tr><td width=\"661\"><p><strong>Salade C\u00e9sar<\/strong><\/p><p>(Salade verte, poulet pan\u00e9, tomates cerises, \u0153uf dur, cantal, cro\u00fbtons, sauce C\u00e9sar)<\/p><\/td><td width=\"63\"><p>14.50\u20ac<\/p><\/td><\/tr><tr><td width=\"661\"><p><strong>Salade de Ch\u00e8vre au Miel de Louison <\/strong><br \/>(Salade verte, ch\u00e8vres chauds au miel de \u00ab Louison \u00bb, tomates s\u00e9ch\u00e9es et cerises, noix, \u0153uf dur, cro\u00fbtons)<\/p><\/td><td width=\"63\"><p>16.00\u20ac<\/p><\/td><\/tr><tr><td width=\"661\"><p><strong>Salade de G\u00e9siers<\/strong> <strong>de poulet<\/strong><\/p><p>(Salade verte, g\u00e9siers de poulet, noix, \u0153uf dur, tomates cerises, cro\u00fbtons)<\/p><\/td><td width=\"63\"><p>14.50\u20ac<\/p><\/td><\/tr><tr><td width=\"661\"><p><strong>Salade du Terroir<\/strong> <br \/>(Salade verte, g\u00e9siers de poulet, noix, tomates cerises, magrets fum\u00e9s, marrons, cro\u00fbtons, \u0153uf dur)<\/p><\/td><td width=\"63\"><p>17.00\u20ac<\/p><\/td><\/tr><tr><td width=\"661\"><p><strong>Salade Gourmandise<\/strong> <br \/>(Salade verte, g\u00e9siers de poulet, noix, magrets fum\u00e9s, tomates cerises, cro\u00fbtons, \u0153uf dur, marrons, \u00bd tranche de foie gras \u00ab\u00a0Ferme Beauregard\u00a0\u00bb)<\/p><\/td><td width=\"63\"><p>20.00\u20ac<\/p><\/td><\/tr><\/tbody><\/table><\/div>\t\t\t\t\t\t\t\t<\/div>\n\t\t\t\t<\/div>\n\t\t\t\t<\/div>\n\t\t\t\t<div class=\"elementor-element elementor-element-6e10284 elementor-widget elementor-widget-menu-anchor\" data-id=\"6e10284\" data-element_type=\"widget\" data-e-type=\"widget\" data-widget_type=\"menu-anchor.default\">\n\t\t\t\t<div class=\"elementor-widget-container\">\n\t\t\t\t\t\t\t<div class=\"elementor-menu-anchor\" id=\"entrees\"><\/div>\n\t\t\t\t\t\t<\/div>\n\t\t\t\t<\/div>\n\t\t<div class=\"elementor-element elementor-element-fb8cfbf e-con-full e-flex e-con e-child\" data-id=\"fb8cfbf\" data-element_type=\"container\" data-e-type=\"container\" data-settings=\"{&quot;_ha_eqh_enable&quot;:false}\">\n\t\t\t\t<div class=\"elementor-element elementor-element-2f3e534 elementor-widget elementor-widget-text-editor\" data-id=\"2f3e534\" data-element_type=\"widget\" data-e-type=\"widget\" data-widget_type=\"text-editor.default\">\n\t\t\t\t<div class=\"elementor-widget-container\">\n\t\t\t\t\t\t\t\t\t<h1><span style=\"text-decoration: underline;\">Nos Entr\u00e9es<\/span><\/h1><table width=\"724\"><tbody><tr><td width=\"661\"><p><strong>Entr\u00e9e du Jour <\/strong><span style=\"color: #ff6600;\">(les midis du lundi au vendredi, absent le soir, week-end et jours f\u00e9ri\u00e9s)<\/span><\/p><\/td><td width=\"63\"><p>7.00\u20ac<\/p><\/td><\/tr><tr><td width=\"661\"><p><strong>\u0152ufs Mayonnaise<\/strong><\/p><\/td><td width=\"63\"><p>7.00\u20ac<\/p><\/td><\/tr><tr><td width=\"661\"><p><strong>Terrine de Canard aux Fruits secs (Noisettes, abricots et raisins)<\/strong><\/p><\/td><td width=\"63\"><p>13.00\u20ac<\/p><\/td><\/tr><tr><td width=\"661\"><p><b>Terrine de Foie Gras mi-cuit, chutney de poires<\/b><\/p><\/td><td width=\"63\"><p>17.50\u20ac<\/p><\/td><\/tr><tr><td width=\"661\"><p><strong>Saumon Gravelax \u00e0 la Betterave<\/strong><\/p><\/td><td width=\"63\"><p>17.50\u20ac<\/p><\/td><\/tr><tr><td width=\"661\"><p><strong>Cassolette d&rsquo;Escargots, embeurr\u00e9e de choux<\/strong><\/p><\/td><td width=\"63\"><p>15.50\u20ac<\/p><\/td><\/tr><tr><td width=\"661\"><p><strong>Fricass\u00e9e de c\u00e8pes (env. 300gr)<\/strong><\/p><\/td><td width=\"63\"><p>14.00\u20ac<\/p><\/td><\/tr><tr><td width=\"661\"><p><strong>Camembert r\u00f4ti, huile d&rsquo;olive Thym et Piment d&rsquo;Espelette, Jambon sec<\/strong><\/p><\/td><td width=\"63\"><p>15.00\u20ac<\/p><\/td><\/tr><\/tbody><\/table>\t\t\t\t\t\t\t\t<\/div>\n\t\t\t\t<\/div>\n\t\t\t\t<div class=\"elementor-element elementor-element-d58f856 elementor-widget elementor-widget-image\" data-id=\"d58f856\" data-element_type=\"widget\" data-e-type=\"widget\" data-widget_type=\"image.default\">\n\t\t\t\t<div class=\"elementor-widget-container\">\n\t\t\t\t\t\t\t\t\t\t\t\t\t\t\t<img decoding=\"async\" width=\"800\" height=\"246\" src=\"https:\/\/www.aubergedeveyrac.fr\/wp-content\/uploads\/2024\/04\/legumes-1024x315.png\" class=\"attachment-large size-large wp-image-821\" alt=\"\" srcset=\"https:\/\/www.aubergedeveyrac.fr\/wp-content\/uploads\/2024\/04\/legumes-1024x315.png 1024w, https:\/\/www.aubergedeveyrac.fr\/wp-content\/uploads\/2024\/04\/legumes-300x92.png 300w, https:\/\/www.aubergedeveyrac.fr\/wp-content\/uploads\/2024\/04\/legumes-768x236.png 768w, https:\/\/www.aubergedeveyrac.fr\/wp-content\/uploads\/2024\/04\/legumes.png 1079w\" sizes=\"(max-width: 800px) 100vw, 800px\" \/>\t\t\t\t\t\t\t\t\t\t\t\t\t\t\t<\/div>\n\t\t\t\t<\/div>\n\t\t\t\t<div class=\"elementor-element elementor-element-1e85b21 elementor-widget elementor-widget-text-editor\" data-id=\"1e85b21\" data-element_type=\"widget\" data-e-type=\"widget\" data-widget_type=\"text-editor.default\">\n\t\t\t\t<div class=\"elementor-widget-container\">\n\t\t\t\t\t\t\t\t\t<p>Nos prix s\u2019entendent nets, boissons non comprises<\/p>\t\t\t\t\t\t\t\t<\/div>\n\t\t\t\t<\/div>\n\t\t\t\t<\/div>\n\t\t\t\t<\/div>\n\t\t<div class=\"elementor-element elementor-element-232b6b2 e-con-full e-flex e-con e-parent\" data-id=\"232b6b2\" data-element_type=\"container\" data-e-type=\"container\" data-settings=\"{&quot;background_background&quot;:&quot;classic&quot;,&quot;_ha_eqh_enable&quot;:false}\">\n\t\t\t\t<\/div>\n\t\t<div class=\"elementor-element elementor-element-7fd8355 e-con-full elementor-hidden-desktop elementor-hidden-tablet elementor-hidden-mobile e-flex e-con e-parent\" data-id=\"7fd8355\" data-element_type=\"container\" data-e-type=\"container\" data-settings=\"{&quot;background_background&quot;:&quot;classic&quot;,&quot;_ha_eqh_enable&quot;:false}\">\n\t\t\t\t<div class=\"elementor-element elementor-element-aededb8 elementor-widget elementor-widget-menu-anchor\" data-id=\"aededb8\" data-element_type=\"widget\" data-e-type=\"widget\" data-widget_type=\"menu-anchor.default\">\n\t\t\t\t<div class=\"elementor-widget-container\">\n\t\t\t\t\t\t\t<div class=\"elementor-menu-anchor\" id=\"plats\"><\/div>\n\t\t\t\t\t\t<\/div>\n\t\t\t\t<\/div>\n\t\t<div class=\"elementor-element elementor-element-40753be e-con-full e-flex e-con e-child\" data-id=\"40753be\" data-element_type=\"container\" data-e-type=\"container\" data-settings=\"{&quot;_ha_eqh_enable&quot;:false}\">\n\t\t\t\t<div class=\"elementor-element elementor-element-0c48360 elementor-widget elementor-widget-text-editor\" data-id=\"0c48360\" data-element_type=\"widget\" data-e-type=\"widget\" data-widget_type=\"text-editor.default\">\n\t\t\t\t<div class=\"elementor-widget-container\">\n\t\t\t\t\t\t\t\t\t<div id=\"u16690\" class=\"clearfix colelem\"><div id=\"u16692-16\" class=\"clearfix grpelem\" data-muse-uid=\"U16692\" data-muse-type=\"txt_frame\" data-ibe-flags=\"txtStyleSrc\"><div id=\"u16674-21\" class=\"clearfix grpelem\" data-muse-uid=\"U16674\" data-muse-type=\"txt_frame\" data-ibe-flags=\"txtStyleSrc\"><h1 id=\"u16674-2\"><span style=\"text-decoration: underline;\"><span id=\"u16674\" class=\"texte-bold\">Nos Plats<\/span><\/span><\/h1><h2><strong><em>Les Poissons <\/em><\/strong><em>(20 min d\u2019attente en plat direct)<\/em><\/h2><table width=\"724\"><tbody><tr><td width=\"661\"><p><strong>Poulpe Grill\u00e9 \u00e0 la Proven\u00e7ale, Pur\u00e9e de patates douces<\/strong><\/p><\/td><td width=\"63\"><p>22.00\u20ac<\/p><\/td><\/tr><tr><td width=\"661\"><p><strong>Dos de Cabillaud croute de Pesto Rouge, Pur\u00e9e de patates douces, Flan de l\u00e9gumes<\/strong><\/p><\/td><td width=\"63\"><p>24.50\u20ac<\/p><\/td><\/tr><\/tbody><\/table><h2><em><strong>Les Plats<\/strong><\/em><\/h2><table><tbody><tr><td width=\"614\"><p><strong>Plat du jour <\/strong><span style=\"color: #ff6600;\"><em>(les midis du lundi au vendredi, absent le soir, week-end et jours f\u00e9ri\u00e9s)<\/em><\/span><\/p><\/td><td width=\"115\"><p>11.00\u20ac<\/p><\/td><\/tr><\/tbody><\/table><table><tbody><tr><td width=\"614\"><p><strong>Omelette Jambon &#8211; Frites et salade<\/strong><\/p><\/td><td width=\"115\"><p>14.50\u20ac<\/p><\/td><\/tr><tr><td width=\"614\"><p><strong>Omelette Emmental &#8211; Frites et salade<\/strong><\/p><\/td><td width=\"115\"><p>14.50\u20ac<\/p><\/td><\/tr><tr><td width=\"614\"><p><strong>Omelette aux C\u00e8pes &#8211; Frites et salade<\/strong><\/p><\/td><td width=\"115\"><p>18.80\u20ac<\/p><\/td><\/tr><tr><td width=\"614\"><p><strong>Confit de Canard \u00e0 la Foresti\u00e8re, pommes de terre Grenaille, flan de l\u00e9gumes<\/strong><\/p><\/td><td width=\"115\"><p>22.00\u20ac<\/p><\/td><\/tr><tr><td width=\"614\"><p><strong>Joues de porc confites, Miel et Bi\u00e8re, pommes de terre Grenaille, flan de l\u00e9gumes<\/strong><\/p><\/td><td width=\"115\"><p>19.00\u20ac<\/p><\/td><\/tr><tr><td width=\"614\"><p><strong>C\u00f4te de Porcelet, jus au thym, piment d&rsquo;Espelette, pommes de terre Grenaille, flan de l\u00e9gumes<\/strong><\/p><\/td><td width=\"115\"><p>24.00\u20ac<\/p><\/td><\/tr><tr><td width=\"614\"><p><strong>Feuillet\u00e9 brioch\u00e9 Ris de Veau, l\u00e9gumes \u00e0 l&rsquo;ancienne, pommes de terre Grenaille<\/strong><\/p><\/td><td width=\"115\"><p>32.00\u20ac<\/p><\/td><\/tr><tr><td width=\"614\"><p><strong>T\u00eate de Veau et Langue sauce gribiche Pommes de terre Grenaille et brunoise de l\u00e9gumes<\/strong><\/p><\/td><td width=\"115\"><p>19.50\u20ac<\/p><\/td><\/tr><\/tbody><\/table><\/div><\/div><\/div>\t\t\t\t\t\t\t\t<\/div>\n\t\t\t\t<\/div>\n\t\t\t\t<div class=\"elementor-element elementor-element-e95aac8 elementor-widget elementor-widget-text-editor\" data-id=\"e95aac8\" data-element_type=\"widget\" data-e-type=\"widget\" data-widget_type=\"text-editor.default\">\n\t\t\t\t<div class=\"elementor-widget-container\">\n\t\t\t\t\t\t\t\t\t<p style=\"text-align: center;\"><strong><em>\u00ab\u00a0Une s\u00e9lection de viandes gourmandes<\/em><\/strong><\/p><p style=\"text-align: center;\"><strong><em>Travaill\u00e9es avec des produits frais \u2018\u2019maison\u2018\u2019.<\/em><\/strong><\/p><p style=\"text-align: center;\"><strong><em>Laissez-vous tenter par ces d\u00e9gustations informelles<\/em><\/strong><\/p><p style=\"text-align: center;\"><strong><em>Qui mettront en \u00e9moi vos pupilles et vos papilles\u00a0!\u00a0\u00bb<\/em><\/strong><\/p>\t\t\t\t\t\t\t\t<\/div>\n\t\t\t\t<\/div>\n\t\t\t\t<div class=\"elementor-element elementor-element-5fbcb59 elementor-widget elementor-widget-text-editor\" data-id=\"5fbcb59\" data-element_type=\"widget\" data-e-type=\"widget\" data-widget_type=\"text-editor.default\">\n\t\t\t\t<div class=\"elementor-widget-container\">\n\t\t\t\t\t\t\t\t\t<p>Nos prix s\u2019entendent nets, boissons non comprises<\/p>\t\t\t\t\t\t\t\t<\/div>\n\t\t\t\t<\/div>\n\t\t\t\t<\/div>\n\t\t<div class=\"elementor-element elementor-element-d2f234b e-con-full e-flex e-con e-child\" data-id=\"d2f234b\" data-element_type=\"container\" data-e-type=\"container\" data-settings=\"{&quot;_ha_eqh_enable&quot;:false}\">\n\t\t\t\t<div class=\"elementor-element elementor-element-c4ed41a elementor-widget elementor-widget-text-editor\" data-id=\"c4ed41a\" data-element_type=\"widget\" data-e-type=\"widget\" data-widget_type=\"text-editor.default\">\n\t\t\t\t<div class=\"elementor-widget-container\">\n\t\t\t\t\t\t\t\t\t<h1 style=\"text-align: left;\"><span style=\"text-decoration: underline;\"><span id=\"u16681\" class=\"texte-bold\">Nos Viandes Limousines<\/span><\/span><\/h1><table><tbody><tr><td width=\"614\"><p><strong>Carpaccio de b\u0153uf Limousin, frites et salade<\/strong><\/p><\/td><td width=\"115\"><p>17.00\u20ac<\/p><\/td><\/tr><tr><td width=\"614\"><p><strong>Steak de b\u0153uf Limousin, frites et salade<\/strong><\/p><\/td><td width=\"115\"><p>16.50\u20ac<\/p><\/td><\/tr><tr><td width=\"614\"><p><strong>Tartare de b\u0153uf Limousin 180gr, frites et salade<\/strong><\/p><\/td><td width=\"115\"><p>18.00\u20ac<\/p><\/td><\/tr><tr><td width=\"614\"><p><strong>Maxi Tartare de b\u0153uf Limousin 360gr, frites et salade<\/strong><\/p><\/td><td width=\"115\"><p>24.00\u20ac<\/p><\/td><\/tr><tr><td width=\"614\"><p><strong>Burger Poulet, frites et salade<\/strong><\/p><p>(Pain-Sauce Barbecue-Cheddar-Salade-Tomate -Oignon Rouge-Poulet pan\u00e9)<\/p><\/td><td width=\"115\"><p>19.50\u20ac<\/p><\/td><\/tr><tr><td width=\"614\"><p><strong>Burger du Chef Limousin, frites et salade<\/strong><\/p><p>(Pain \u2013 St Nectaire-Bacon- Salade -Tomate-Galette de Pomme de Terre \u2013 Steak hach\u00e9 Limousin)<\/p><\/td><td width=\"115\"><p>19.50\u20ac<\/p><\/td><\/tr><tr><td width=\"614\"><p><strong>Pav\u00e9 de b\u0153uf Limousin, frites et salade<\/strong><\/p><\/td><td width=\"115\"><p>24.00\u20ac<\/p><\/td><\/tr><tr><td width=\"614\"><p><strong>Bavette Limousine, frites et salade<\/strong><\/p><\/td><td width=\"115\"><p>25.00\u20ac<\/p><\/td><\/tr><tr><td width=\"614\"><p><strong>Faux Filet de b\u0153uf Limousin, frites et salade<\/strong><\/p><\/td><td width=\"115\"><p>25.50\u20ac<\/p><\/td><\/tr><tr><td width=\"614\"><p><strong>Entrec\u00f4te Limousine, frites et salade<\/strong><\/p><\/td><td width=\"115\"><p>29.00\u20ac<\/p><\/td><\/tr><tr><td width=\"614\"><p><strong>Filet de b\u0153uf Limousin, frites et salade<\/strong><\/p><\/td><td width=\"115\"><p>32.50\u20ac<\/p><\/td><\/tr><tr><td width=\"614\"><p><strong>C\u00f4te de b\u0153uf Limousine pour 2 personnes, frites et salade <\/strong><\/p><\/td><td width=\"115\"><p>70.00\u20ac<\/p><\/td><\/tr><tr><td width=\"614\"><p><strong>Tataki de B\u0153uf Limousin &#8211; Pur\u00e9e de Patate douce<\/strong><\/p><\/td><td width=\"115\"><p>25.50\u20ac<\/p><\/td><\/tr><\/tbody><\/table><p><strong><em><u>SUPPL\u00c9MENTS<\/u><\/em><\/strong><\/p><table><tbody><tr><td width=\"642\"><p>Fricass\u00e9e de C\u00e8pes (env. 300 gr)<\/p><\/td><td width=\"60\"><p>14.00\u20ac<\/p><\/td><\/tr><tr><td width=\"642\"><p>Fa\u00e7on Rossini (foie gras po\u00eal\u00e9e) \u00ab Ferme Beauregard \u00bb <span style=\"color: #ff6600;\"><em>Non propos\u00e9 en plat ou entr\u00e9e seul<\/em><\/span><\/p><\/td><td width=\"60\"><p>6.00\u20ac<\/p><\/td><\/tr><tr><td width=\"642\"><p>Assiette de Frites<\/p><\/td><td width=\"60\"><p>4.50\u20ac<\/p><\/td><\/tr><tr><td width=\"642\"><p><strong><u>Sauces<\/u><\/strong>\u00a0: Bleu\/ Poivre \/ Moutarde \u00e0 l\u2019Estragon \u00ab Delouis \u00bb \/ Sauce Miel et Thym\/ \u00c9chalote Confite<\/p><\/td><td width=\"60\"><p>1.80\u20ac<\/p><\/td><\/tr><\/tbody><\/table>\t\t\t\t\t\t\t\t<\/div>\n\t\t\t\t<\/div>\n\t\t\t\t<div class=\"elementor-element elementor-element-056a406 elementor-widget elementor-widget-image\" data-id=\"056a406\" data-element_type=\"widget\" data-e-type=\"widget\" data-widget_type=\"image.default\">\n\t\t\t\t<div class=\"elementor-widget-container\">\n\t\t\t\t\t\t\t\t\t\t\t\t\t\t\t<img loading=\"lazy\" decoding=\"async\" width=\"800\" height=\"568\" src=\"https:\/\/www.aubergedeveyrac.fr\/wp-content\/uploads\/2024\/04\/auberge-de-veyrac-dessin-viande-1024x727.png\" class=\"attachment-large size-large wp-image-686\" alt=\"\" srcset=\"https:\/\/www.aubergedeveyrac.fr\/wp-content\/uploads\/2024\/04\/auberge-de-veyrac-dessin-viande-1024x727.png 1024w, https:\/\/www.aubergedeveyrac.fr\/wp-content\/uploads\/2024\/04\/auberge-de-veyrac-dessin-viande-300x213.png 300w, https:\/\/www.aubergedeveyrac.fr\/wp-content\/uploads\/2024\/04\/auberge-de-veyrac-dessin-viande-768x545.png 768w, https:\/\/www.aubergedeveyrac.fr\/wp-content\/uploads\/2024\/04\/auberge-de-veyrac-dessin-viande-1536x1090.png 1536w, https:\/\/www.aubergedeveyrac.fr\/wp-content\/uploads\/2024\/04\/auberge-de-veyrac-dessin-viande.png 1809w\" sizes=\"(max-width: 800px) 100vw, 800px\" \/>\t\t\t\t\t\t\t\t\t\t\t\t\t\t\t<\/div>\n\t\t\t\t<\/div>\n\t\t\t\t<\/div>\n\t\t\t\t<\/div>\n\t\t<div class=\"elementor-element elementor-element-50dbb8c e-flex e-con-boxed e-con e-parent\" data-id=\"50dbb8c\" data-element_type=\"container\" data-e-type=\"container\" data-settings=\"{&quot;background_background&quot;:&quot;classic&quot;,&quot;_ha_eqh_enable&quot;:false}\">\n\t\t\t\t\t<div class=\"e-con-inner\">\n\t\t\t\t\t<\/div>\n\t\t\t\t<\/div>\n\t\t<div class=\"elementor-element elementor-element-5c784d8 e-flex e-con-boxed e-con e-parent\" data-id=\"5c784d8\" data-element_type=\"container\" data-e-type=\"container\" data-settings=\"{&quot;background_background&quot;:&quot;classic&quot;,&quot;_ha_eqh_enable&quot;:false}\">\n\t\t\t\t\t<div class=\"e-con-inner\">\n\t\t<div class=\"elementor-element elementor-element-618b3b4 e-con-full elementor-hidden-mobile e-flex e-con e-child\" data-id=\"618b3b4\" data-element_type=\"container\" data-e-type=\"container\" data-settings=\"{&quot;_ha_eqh_enable&quot;:false}\">\n\t\t\t\t<div class=\"elementor-element elementor-element-7d7ab24 elementor-hidden-tablet elementor-hidden-mobile elementor-widget elementor-widget-image\" data-id=\"7d7ab24\" data-element_type=\"widget\" data-e-type=\"widget\" data-widget_type=\"image.default\">\n\t\t\t\t<div class=\"elementor-widget-container\">\n\t\t\t\t\t\t\t\t\t\t\t\t\t\t\t<img loading=\"lazy\" decoding=\"async\" width=\"386\" height=\"253\" src=\"https:\/\/www.aubergedeveyrac.fr\/wp-content\/uploads\/2024\/06\/fleche-orange.png\" class=\"attachment-large size-large wp-image-1569\" alt=\"\" srcset=\"https:\/\/www.aubergedeveyrac.fr\/wp-content\/uploads\/2024\/06\/fleche-orange.png 386w, https:\/\/www.aubergedeveyrac.fr\/wp-content\/uploads\/2024\/06\/fleche-orange-300x197.png 300w\" sizes=\"(max-width: 386px) 100vw, 386px\" \/>\t\t\t\t\t\t\t\t\t\t\t\t\t\t\t<\/div>\n\t\t\t\t<\/div>\n\t\t\t\t<div class=\"elementor-element elementor-element-bcd1f75 elementor-widget elementor-widget-spacer\" data-id=\"bcd1f75\" data-element_type=\"widget\" data-e-type=\"widget\" data-widget_type=\"spacer.default\">\n\t\t\t\t<div class=\"elementor-widget-container\">\n\t\t\t\t\t\t\t<div class=\"elementor-spacer\">\n\t\t\t<div class=\"elementor-spacer-inner\"><\/div>\n\t\t<\/div>\n\t\t\t\t\t\t<\/div>\n\t\t\t\t<\/div>\n\t\t\t\t<\/div>\n\t\t<div class=\"elementor-element elementor-element-aaca586 e-flex e-con-boxed e-con e-child\" data-id=\"aaca586\" data-element_type=\"container\" data-e-type=\"container\" data-settings=\"{&quot;_ha_eqh_enable&quot;:false}\">\n\t\t\t\t\t<div class=\"e-con-inner\">\n\t\t\t\t<div class=\"elementor-element elementor-element-bba94e0 elementor-widget elementor-widget-spacer\" data-id=\"bba94e0\" data-element_type=\"widget\" data-e-type=\"widget\" data-widget_type=\"spacer.default\">\n\t\t\t\t<div class=\"elementor-widget-container\">\n\t\t\t\t\t\t\t<div class=\"elementor-spacer\">\n\t\t\t<div class=\"elementor-spacer-inner\"><\/div>\n\t\t<\/div>\n\t\t\t\t\t\t<\/div>\n\t\t\t\t<\/div>\n\t\t\t\t<div class=\"elementor-element elementor-element-ab2dc3a elementor-widget elementor-widget-menu-anchor\" data-id=\"ab2dc3a\" data-element_type=\"widget\" data-e-type=\"widget\" data-widget_type=\"menu-anchor.default\">\n\t\t\t\t<div class=\"elementor-widget-container\">\n\t\t\t\t\t\t\t<div class=\"elementor-menu-anchor\" id=\"desserts\"><\/div>\n\t\t\t\t\t\t<\/div>\n\t\t\t\t<\/div>\n\t\t\t\t<div class=\"elementor-element elementor-element-3b14b54 elementor-widget elementor-widget-text-editor\" data-id=\"3b14b54\" data-element_type=\"widget\" data-e-type=\"widget\" data-widget_type=\"text-editor.default\">\n\t\t\t\t<div class=\"elementor-widget-container\">\n\t\t\t\t\t\t\t\t\t<h1 style=\"text-align: center;\"><a href=\"https:\/\/www.iciangouleme.com\/cartedesdesserts.pdf\" target=\"_blank\" rel=\"noopener\"><span style=\"text-decoration: underline; color: #ffffff;\"><span id=\"u16692\" class=\"texte-bold\">Nos Desserts<\/span><\/span><\/a><\/h1>\t\t\t\t\t\t\t\t<\/div>\n\t\t\t\t<\/div>\n\t\t\t\t<div class=\"elementor-element elementor-element-73f240c elementor-widget elementor-widget-text-editor\" data-id=\"73f240c\" data-element_type=\"widget\" data-e-type=\"widget\" data-widget_type=\"text-editor.default\">\n\t\t\t\t<div class=\"elementor-widget-container\">\n\t\t\t\t\t\t\t\t\t<p style=\"text-align: center;\"><span id=\"u16692\" class=\"texte-bold\">Cliquez sur la gourmandise pour voir la carte des desserts<\/span><\/p>\t\t\t\t\t\t\t\t<\/div>\n\t\t\t\t<\/div>\n\t\t\t\t<div class=\"elementor-element elementor-element-bf065aa elementor-widget__width-initial elementor-widget elementor-widget-image\" data-id=\"bf065aa\" data-element_type=\"widget\" data-e-type=\"widget\" data-settings=\"{&quot;ha_floating_fx&quot;:&quot;yes&quot;,&quot;ha_floating_fx_rotate_toggle&quot;:&quot;yes&quot;,&quot;ha_floating_fx_rotate_x&quot;:{&quot;unit&quot;:&quot;px&quot;,&quot;size&quot;:&quot;&quot;,&quot;sizes&quot;:{&quot;from&quot;:0,&quot;to&quot;:0}},&quot;ha_floating_fx_rotate_y&quot;:{&quot;unit&quot;:&quot;px&quot;,&quot;size&quot;:&quot;&quot;,&quot;sizes&quot;:{&quot;from&quot;:0,&quot;to&quot;:0}},&quot;ha_floating_fx_rotate_z&quot;:{&quot;unit&quot;:&quot;px&quot;,&quot;size&quot;:&quot;&quot;,&quot;sizes&quot;:{&quot;from&quot;:-11,&quot;to&quot;:10}},&quot;ha_floating_fx_rotate_duration&quot;:{&quot;unit&quot;:&quot;px&quot;,&quot;size&quot;:2500,&quot;sizes&quot;:[]},&quot;ha_floating_fx_rotate_delay&quot;:{&quot;unit&quot;:&quot;px&quot;,&quot;size&quot;:&quot;&quot;,&quot;sizes&quot;:[]}}\" data-widget_type=\"image.default\">\n\t\t\t\t<div class=\"elementor-widget-container\">\n\t\t\t\t\t\t\t\t\t\t\t\t\t\t\t\t<a href=\"https:\/\/www.aubergedeveyrac.fr\/wp-content\/uploads\/2025\/10\/carte-DESSERTS.pdf\" target=\"_blank\">\n\t\t\t\t\t\t\t<img loading=\"lazy\" decoding=\"async\" width=\"188\" height=\"133\" src=\"https:\/\/www.aubergedeveyrac.fr\/wp-content\/uploads\/2024\/04\/dessert-VEYRAC.png\" class=\"attachment-large size-large wp-image-812\" alt=\"\" \/>\t\t\t\t\t\t\t\t<\/a>\n\t\t\t\t\t\t\t\t\t\t\t\t\t\t\t<\/div>\n\t\t\t\t<\/div>\n\t\t\t\t<div class=\"elementor-element elementor-element-1cd34f5 elementor-widget elementor-widget-spacer\" data-id=\"1cd34f5\" data-element_type=\"widget\" data-e-type=\"widget\" data-widget_type=\"spacer.default\">\n\t\t\t\t<div class=\"elementor-widget-container\">\n\t\t\t\t\t\t\t<div class=\"elementor-spacer\">\n\t\t\t<div class=\"elementor-spacer-inner\"><\/div>\n\t\t<\/div>\n\t\t\t\t\t\t<\/div>\n\t\t\t\t<\/div>\n\t\t\t\t\t<\/div>\n\t\t\t\t<\/div>\n\t\t<div class=\"elementor-element elementor-element-ca9a2ee e-con-full elementor-hidden-tablet elementor-hidden-mobile e-flex e-con e-child\" data-id=\"ca9a2ee\" data-element_type=\"container\" data-e-type=\"container\" data-settings=\"{&quot;_ha_eqh_enable&quot;:false}\">\n\t\t\t\t<div class=\"elementor-element elementor-element-80792e4 elementor-hidden-tablet elementor-hidden-mobile elementor-widget elementor-widget-image\" data-id=\"80792e4\" data-element_type=\"widget\" data-e-type=\"widget\" data-widget_type=\"image.default\">\n\t\t\t\t<div class=\"elementor-widget-container\">\n\t\t\t\t\t\t\t\t\t\t\t\t\t\t\t<img loading=\"lazy\" decoding=\"async\" width=\"386\" height=\"253\" src=\"https:\/\/www.aubergedeveyrac.fr\/wp-content\/uploads\/2024\/06\/fleche-orange-d.png\" class=\"attachment-large size-large wp-image-1568\" alt=\"\" srcset=\"https:\/\/www.aubergedeveyrac.fr\/wp-content\/uploads\/2024\/06\/fleche-orange-d.png 386w, https:\/\/www.aubergedeveyrac.fr\/wp-content\/uploads\/2024\/06\/fleche-orange-d-300x197.png 300w\" sizes=\"(max-width: 386px) 100vw, 386px\" \/>\t\t\t\t\t\t\t\t\t\t\t\t\t\t\t<\/div>\n\t\t\t\t<\/div>\n\t\t\t\t<div class=\"elementor-element elementor-element-52ea99c elementor-widget elementor-widget-spacer\" data-id=\"52ea99c\" data-element_type=\"widget\" data-e-type=\"widget\" data-widget_type=\"spacer.default\">\n\t\t\t\t<div class=\"elementor-widget-container\">\n\t\t\t\t\t\t\t<div class=\"elementor-spacer\">\n\t\t\t<div class=\"elementor-spacer-inner\"><\/div>\n\t\t<\/div>\n\t\t\t\t\t\t<\/div>\n\t\t\t\t<\/div>\n\t\t\t\t<\/div>\n\t\t\t\t\t<\/div>\n\t\t\t\t<\/div>\n\t\t<div class=\"elementor-element elementor-element-56be784 e-con-full e-flex e-con e-parent\" data-id=\"56be784\" data-element_type=\"container\" data-e-type=\"container\" data-settings=\"{&quot;background_background&quot;:&quot;classic&quot;,&quot;_ha_eqh_enable&quot;:false}\">\n\t\t\t\t<\/div>\n\t\t<div class=\"elementor-element elementor-element-0632eb5 e-con-full elementor-hidden-desktop elementor-hidden-tablet elementor-hidden-mobile e-flex e-con e-parent\" data-id=\"0632eb5\" data-element_type=\"container\" data-e-type=\"container\" data-settings=\"{&quot;background_background&quot;:&quot;classic&quot;,&quot;_ha_eqh_enable&quot;:false}\">\n\t\t<div class=\"elementor-element elementor-element-bc75f81 e-con-full e-flex e-con e-child\" data-id=\"bc75f81\" data-element_type=\"container\" data-e-type=\"container\" data-settings=\"{&quot;_ha_eqh_enable&quot;:false}\">\n\t\t\t\t<div class=\"elementor-element elementor-element-918dcc0 elementor-hidden-mobile elementor-widget elementor-widget-spacer\" data-id=\"918dcc0\" data-element_type=\"widget\" data-e-type=\"widget\" data-widget_type=\"spacer.default\">\n\t\t\t\t<div class=\"elementor-widget-container\">\n\t\t\t\t\t\t\t<div class=\"elementor-spacer\">\n\t\t\t<div class=\"elementor-spacer-inner\"><\/div>\n\t\t<\/div>\n\t\t\t\t\t\t<\/div>\n\t\t\t\t<\/div>\n\t\t\t\t<div class=\"elementor-element elementor-element-3c55ab7 elementor-hidden-desktop elementor-widget elementor-widget-text-editor\" data-id=\"3c55ab7\" data-element_type=\"widget\" data-e-type=\"widget\" data-widget_type=\"text-editor.default\">\n\t\t\t\t<div class=\"elementor-widget-container\">\n\t\t\t\t\t\t\t\t\t<p style=\"text-align: center;\">Nos prix s\u2019entendent nets, boissons non comprises<\/p><p><span style=\"color: #ff6600;\"><strong>Toute modification de ces menus entra\u00eene<\/strong><\/span><br \/><span style=\"color: #ff6600;\"><strong>l\u2019application du tarif<\/strong><strong> \u00ab\u00a0a\u0300 la carte\u00a0\u00bb de chaque plat.<\/strong><\/span><\/p>\t\t\t\t\t\t\t\t<\/div>\n\t\t\t\t<\/div>\n\t\t\t\t<div class=\"elementor-element elementor-element-2c5da82 elementor-hidden-tablet elementor-hidden-mobile elementor-widget elementor-widget-text-editor\" data-id=\"2c5da82\" data-element_type=\"widget\" data-e-type=\"widget\" data-widget_type=\"text-editor.default\">\n\t\t\t\t<div class=\"elementor-widget-container\">\n\t\t\t\t\t\t\t\t\t<p style=\"text-align: center;\">\n<\/p><p style=\"text-align: center;\"><strong><span style=\"text-decoration: underline;\">Menu Tradition 29\u20ac<\/span><\/strong><\/p>\n<p style=\"text-align: center;\">Camembert r\u00f4ti, huile d&rsquo;olive Thym et piment d&rsquo;Espelette, jambon sec<br>ou<br>Terrine de Canard aux Fruits Secs (Noisettes, abricots, raisins)<br>ou<br>Salade de G\u00e9siers de Poulet<br><strong>&nbsp;<\/strong><br><strong>*************<\/strong><\/p>\n<p style=\"text-align: center;\">Poulpe grill\u00e9 \u00e0 la Proven\u00e7ale<br>Pur\u00e9e de patate douce<br>ou<br>Joues de Porc confites, miel et bi\u00e8re<br>Pommes de terre Grenaille, flan de l\u00e9gumes<br>ou<\/p>\n<p style=\"text-align: center;\">Confit de canard \u00e0 la Foresti\u00e8re, pommes de terre Grenaille<br>et flan de l\u00e9gumes<br>ou<br>T\u00eate de Veau et Langue sauce gribiche<br>Pommes de terre Grenaille et brunoise de l\u00e9gumes<\/p>\n<p style=\"text-align: center;\"><strong>*************<\/strong><\/p>\n<p style=\"text-align: center;\">Plateau de Fromages \u00ab La maison du Fromage&nbsp;\u00bb <strong><em>(suppl\u00e9ment 4.00\u20ac)<\/em><\/strong><\/p>\n<p style=\"text-align: center;\"><strong>************<\/strong><\/p>\n<p style=\"text-align: center;\">Cr\u00e8me Brul\u00e9e<br>ou<br>Panna cotta Chocolat blanc, coulis de chocolat noir,<br>\u00e9clats de Nougatines<br>ou<br>Mousse au Chocolat aux \u00e9clats de Cara Crakine<br>ou<br>Vacherin sorbet poire, coulis de caramel au beurre sal\u00e9<br>ou<br>Tartelette Sabl\u00e9 Breton, cr\u00e8me de Citron, \u00e9clats de Meringue<br>et zestes de citron<\/p>\n<p style=\"text-align: center;\">Caf\u00e9 gourmand <strong>(+3.50\u20ac) <\/strong>\/ Th\u00e9 gourmand <strong>(+3.80\u20ac)<\/strong><\/p>\n<p style=\"text-align: center;\"><strong><em>Suppl\u00e9ment 3.50\u20ac si le dessert choisi est dans le menu 35\u20ac<\/em><\/strong><\/p>\t\t\t\t\t\t\t\t<\/div>\n\t\t\t\t<\/div>\n\t\t\t\t<div class=\"elementor-element elementor-element-17acb6d elementor-hidden-mobile elementor-widget elementor-widget-spacer\" data-id=\"17acb6d\" data-element_type=\"widget\" data-e-type=\"widget\" data-widget_type=\"spacer.default\">\n\t\t\t\t<div class=\"elementor-widget-container\">\n\t\t\t\t\t\t\t<div class=\"elementor-spacer\">\n\t\t\t<div class=\"elementor-spacer-inner\"><\/div>\n\t\t<\/div>\n\t\t\t\t\t\t<\/div>\n\t\t\t\t<\/div>\n\t\t\t\t<div class=\"elementor-element elementor-element-063e70e elementor-widget__width-initial elementor-widget elementor-widget-image\" data-id=\"063e70e\" data-element_type=\"widget\" data-e-type=\"widget\" data-widget_type=\"image.default\">\n\t\t\t\t<div class=\"elementor-widget-container\">\n\t\t\t\t\t\t\t\t\t\t\t\t\t\t\t<img loading=\"lazy\" decoding=\"async\" width=\"800\" height=\"480\" src=\"https:\/\/www.aubergedeveyrac.fr\/wp-content\/uploads\/2024\/04\/vache-crayonnee-blanche-vers-droite-1024x615.png\" class=\"attachment-large size-large wp-image-231\" alt=\"\" srcset=\"https:\/\/www.aubergedeveyrac.fr\/wp-content\/uploads\/2024\/04\/vache-crayonnee-blanche-vers-droite-1024x615.png 1024w, https:\/\/www.aubergedeveyrac.fr\/wp-content\/uploads\/2024\/04\/vache-crayonnee-blanche-vers-droite-300x180.png 300w, https:\/\/www.aubergedeveyrac.fr\/wp-content\/uploads\/2024\/04\/vache-crayonnee-blanche-vers-droite-768x461.png 768w, https:\/\/www.aubergedeveyrac.fr\/wp-content\/uploads\/2024\/04\/vache-crayonnee-blanche-vers-droite-1536x923.png 1536w, https:\/\/www.aubergedeveyrac.fr\/wp-content\/uploads\/2024\/04\/vache-crayonnee-blanche-vers-droite.png 1993w\" sizes=\"(max-width: 800px) 100vw, 800px\" \/>\t\t\t\t\t\t\t\t\t\t\t\t\t\t\t<\/div>\n\t\t\t\t<\/div>\n\t\t\t\t<\/div>\n\t\t<div class=\"elementor-element elementor-element-c81dd9a e-con-full e-flex e-con e-child\" data-id=\"c81dd9a\" data-element_type=\"container\" data-e-type=\"container\" data-settings=\"{&quot;_ha_eqh_enable&quot;:false}\">\n\t\t\t\t<div class=\"elementor-element elementor-element-8176994 elementor-widget elementor-widget-menu-anchor\" data-id=\"8176994\" data-element_type=\"widget\" data-e-type=\"widget\" data-widget_type=\"menu-anchor.default\">\n\t\t\t\t<div class=\"elementor-widget-container\">\n\t\t\t\t\t\t\t<div class=\"elementor-menu-anchor\" id=\"formules\"><\/div>\n\t\t\t\t\t\t<\/div>\n\t\t\t\t<\/div>\n\t\t\t\t<div class=\"elementor-element elementor-element-787b387 elementor-widget elementor-widget-text-editor\" data-id=\"787b387\" data-element_type=\"widget\" data-e-type=\"widget\" data-widget_type=\"text-editor.default\">\n\t\t\t\t<div class=\"elementor-widget-container\">\n\t\t\t\t\t\t\t\t\t<h1 style=\"text-align: center;\"><span style=\"text-decoration: underline;\"><span id=\"u16692\" class=\"texte-bold\">Nos Formules et Menus<br \/><\/span><\/span><\/h1>\t\t\t\t\t\t\t\t<\/div>\n\t\t\t\t<\/div>\n\t\t\t\t<div class=\"elementor-element elementor-element-1491dfa elementor-hidden-desktop elementor-widget elementor-widget-text-editor\" data-id=\"1491dfa\" data-element_type=\"widget\" data-e-type=\"widget\" data-widget_type=\"text-editor.default\">\n\t\t\t\t<div class=\"elementor-widget-container\">\n\t\t\t\t\t\t\t\t\t<p style=\"text-align: center;\">\u00a0<\/p><p style=\"text-align: center;\"><strong><span style=\"text-decoration: underline;\">Menu Tradition 29\u20ac<\/span><\/strong><\/p><p style=\"text-align: center;\">Camembert r\u00f4ti, huile d&rsquo;olive Thym et pimenht d&rsquo;Espelette, jambon sec<br \/>ou<br \/>Terrine de Canard aux Fruits Secs (Noisettes, abricots, raisins)<br \/>ou<br \/>Salade de G\u00e9siers de Poulet<br \/><strong>\u00a0<\/strong><br \/><strong>*************<\/strong><\/p><p style=\"text-align: center;\">Poulpe grill\u00e9 \u00e0 la Proven\u00e7ale<br \/>Pur\u00e9e de patate douce<br \/>ou<br \/>Joues de Porc confites, miel et bi\u00e8re<br \/>Pommes de terre Grenaille, flan de l\u00e9gumes<br \/>ou<\/p><p style=\"text-align: center;\">Confit de canard \u00e0 la Foresti\u00e8re, pommes de terre Grenaille<br \/>et flan de l\u00e9gumes<br \/>ou<br \/>T\u00eate de Veau et Langue sauce gribiche<br \/>Pommes de terre Grenaille et brunoise de l\u00e9gumes<\/p><p style=\"text-align: center;\"><strong>*************<\/strong><\/p><p style=\"text-align: center;\">Plateau de Fromages \u00ab La maison du Fromage\u00a0\u00bb <strong><em>(suppl\u00e9ment 4.00\u20ac)<\/em><\/strong><\/p><p style=\"text-align: center;\"><strong>************<\/strong><\/p><p style=\"text-align: center;\">Cr\u00e8me Brul\u00e9e<br \/>ou<br \/>Panna cotta Chocolat blanc, coulis de chocolat noir,<br \/>\u00e9clats de Nougatines<br \/>ou<br \/>Mousse au Chocolat aux \u00e9clats de Cara Crakine<br \/>ou<br \/>Vacherin sorbet poire, coulis de caramel au beurre sal\u00e9<br \/>ou<br \/>Tartelette Sabl\u00e9 Breton, cr\u00e8me de Citron, \u00e9clats de Meringue<br \/>et zestes de citron<\/p><p style=\"text-align: center;\">Caf\u00e9 gourmand <strong>(+3.50\u20ac) <\/strong>\/ Th\u00e9 gourmand <strong>(+3.80\u20ac)<\/strong><\/p><p style=\"text-align: center;\"><strong><em>Suppl\u00e9ment 3.50\u20ac si le dessert choisi est dans le menu 35\u20ac<\/em><\/strong><\/p>\t\t\t\t\t\t\t\t<\/div>\n\t\t\t\t<\/div>\n\t\t\t\t<div class=\"elementor-element elementor-element-a672aad elementor-widget elementor-widget-text-editor\" data-id=\"a672aad\" data-element_type=\"widget\" data-e-type=\"widget\" data-widget_type=\"text-editor.default\">\n\t\t\t\t<div class=\"elementor-widget-container\">\n\t\t\t\t\t\t\t\t\t<p>\u00a0<\/p><p><span style=\"text-decoration: underline;\"><strong>Menu Gourmandise 35\u20ac<\/strong><\/span><\/p><p>Cassolette d&rsquo;Escargots, embeurr\u00e9e de choux<br \/>ou<br \/>Saumon Gravelax \u00e0 la Betterave<br \/>ou<br \/>Terrine de Foie Gras mi-cuit, chutney de Poires<\/p><p><strong>*************<\/strong><\/p><p>C\u00f4te de Porcelet Jus au Thym et Piment Espelette<br \/>Pommes de terre Grenaille et flan de L\u00e9gumes<\/p><p>ou<\/p><p>Onglet de Veau \u00c9chalotte Confites au Vin rouge<br \/>Pommes de terre Grenaille et flan de L\u00e9gumes<\/p><p>ou<\/p><p>Feuillet\u00e9 brioch\u00e9 Ris de Veau L\u00e9gumes \u00e0 L\u2019Ancienne<br \/>Pommes de terre Grenaille<\/p><p>ou<\/p><p>Dos de Cabillaud Croute de Pesto Rouge<br \/>Pur\u00e9e de patates douces et flan de L\u00e9gumes<\/p><p><strong>*************<\/strong><\/p><p>Plateau de Fromages \u00ab La maison du Fromage\u00a0\u00bb<\/p><p><strong>************<\/strong><br \/><strong>\u00a0<\/strong><br \/>Tiramisu au Limoncello<br \/>Ou<br \/>Madeleines \u00ab\u00a0Bijou\u00a0\u00bb perdues, Chocolat chaud, boule de glace Bulgare, chantilly<br \/>Ou<br \/>Crumble Pommes-Poires de \u00ab\u00a0Megeas\u00a0\u00bb P\u00e9pites de Chocolats<br \/>Ou<br \/>Profiteroles<br \/>Ou<br \/>Nougat glac\u00e9 maison et son coulis de fruits rouges<\/p><p>Caf\u00e9 gourmand <strong>(+3.50\u20ac) <\/strong>\/ Th\u00e9 gourmand <strong>(+3.80\u20ac)<\/strong><\/p>\t\t\t\t\t\t\t\t<\/div>\n\t\t\t\t<\/div>\n\t\t\t\t<div class=\"elementor-element elementor-element-cadc105 elementor-widget elementor-widget-text-editor\" data-id=\"cadc105\" data-element_type=\"widget\" data-e-type=\"widget\" data-widget_type=\"text-editor.default\">\n\t\t\t\t<div class=\"elementor-widget-container\">\n\t\t\t\t\t\t\t\t\t<p>\u00a0<\/p><p style=\"text-align: center;\"><span style=\"text-decoration: underline;\"><strong>Menu Enfant 11\u20ac<\/strong><\/span><\/p><p style=\"text-align: center;\"><span style=\"color: #ff6600;\"><strong><em>1 Menu par enfant et non dissociable<br \/><\/em><\/strong><strong><u>Jusqu\u2019\u00e0 10 ans<\/u><\/strong><\/span><\/p><p style=\"text-align: center;\">Melon<br \/>ou<br \/>\u0152ufs Mayonnaise<\/p><p style=\"text-align: center;\">********<\/p><p style=\"text-align: center;\">Jambon Blanc, frites<br \/>Ou<br \/>Burger b\u0153uf Limousin Frites<br \/>(Pain, Steak Hach\u00e9, Cheddar Ketchup)<\/p><p style=\"text-align: center;\">********<\/p><p style=\"text-align: center;\">Glace Haribo<br \/>Ou<br \/>Fromage Blanc<br \/>(Sucre ou Coulis de Fruits Rouges)<\/p><p style=\"text-align: center;\">\u00a0<\/p>\t\t\t\t\t\t\t\t<\/div>\n\t\t\t\t<\/div>\n\t\t\t\t<div class=\"elementor-element elementor-element-3512b4b elementor-hidden-tablet elementor-hidden-mobile elementor-widget elementor-widget-text-editor\" data-id=\"3512b4b\" data-element_type=\"widget\" data-e-type=\"widget\" data-widget_type=\"text-editor.default\">\n\t\t\t\t<div class=\"elementor-widget-container\">\n\t\t\t\t\t\t\t\t\t<p style=\"text-align: center;\">Nos prix s\u2019entendent nets, boissons non comprises<\/p><h6 style=\"text-align: center;\"><span style=\"color: #ff6600;\"><strong>Toute modification de ces menus entra\u00eene<\/strong><\/span><br \/><span style=\"color: #ff6600;\"><strong>l\u2019application du tarif<\/strong><strong> \u00ab\u00a0a\u0300 la carte\u00a0\u00bb de chaque plat.<\/strong><\/span><\/h6>\t\t\t\t\t\t\t\t<\/div>\n\t\t\t\t<\/div>\n\t\t\t\t<\/div>\n\t\t<div class=\"elementor-element elementor-element-e9d483e e-con-full e-flex e-con e-child\" data-id=\"e9d483e\" data-element_type=\"container\" data-e-type=\"container\" data-settings=\"{&quot;_ha_eqh_enable&quot;:false}\">\n\t\t\t\t<div class=\"elementor-element elementor-element-e2cf067 elementor-widget elementor-widget-spacer\" data-id=\"e2cf067\" data-element_type=\"widget\" data-e-type=\"widget\" data-widget_type=\"spacer.default\">\n\t\t\t\t<div class=\"elementor-widget-container\">\n\t\t\t\t\t\t\t<div class=\"elementor-spacer\">\n\t\t\t<div class=\"elementor-spacer-inner\"><\/div>\n\t\t<\/div>\n\t\t\t\t\t\t<\/div>\n\t\t\t\t<\/div>\n\t\t\t\t<div class=\"elementor-element elementor-element-d261a86 elementor-widget elementor-widget-text-editor\" data-id=\"d261a86\" data-element_type=\"widget\" data-e-type=\"widget\" data-widget_type=\"text-editor.default\">\n\t\t\t\t<div class=\"elementor-widget-container\">\n\t\t\t\t\t\t\t\t\t<p>\u00a0<\/p><p style=\"text-align: center;\"><span style=\"text-decoration: underline;\"><strong>Les Formules du jour<\/strong><\/span><\/p><p style=\"text-align: center;\"><span style=\"text-decoration: underline;\"><span style=\"color: #ff6600;\"><em>Formule absente le soir, week-end et jours f\u00e9ri\u00e9s<\/em><\/span><\/span><\/p><p style=\"text-align: center;\"><em>\u00a0<\/em><strong>Entr\u00e9e et plat OU plat et dessert <\/strong><strong>14\u20ac<\/strong><strong>\u00a0<\/strong><\/p><p style=\"text-align: center;\"><strong>Entr\u00e9e, plat et dessert<\/strong> <strong>16\u20ac<\/strong><\/p><p style=\"text-align: center;\">Entr\u00e9e du jour<br \/>Ou<br \/>\u0152ufs Mayonnaise<br \/>Ou<br \/>Terrine de Campagne<\/p><p style=\"text-align: center;\"><strong>*************<\/strong><\/p><p style=\"text-align: center;\">Plat du jour<br \/>Ou<br \/>Escalope de Poulet \u00e0 la Cr\u00e8me Frites<br \/>Ou <br \/>Steak de B\u0153uf Limousin Frites <strong>(+3.00\u20ac)<\/strong><\/p><p style=\"text-align: center;\"><strong>*************<\/strong><\/p><p style=\"text-align: center;\">Dessert du jour<br \/>Ou<br \/>Fromage Blanc <br \/>Ou <br \/>Flognarde aux pommes de Megeas<\/p>\t\t\t\t\t\t\t\t<\/div>\n\t\t\t\t<\/div>\n\t\t\t\t<div class=\"elementor-element elementor-element-76b0a29 elementor-widget__width-initial elementor-hidden-mobile elementor-widget elementor-widget-image\" data-id=\"76b0a29\" data-element_type=\"widget\" data-e-type=\"widget\" data-widget_type=\"image.default\">\n\t\t\t\t<div class=\"elementor-widget-container\">\n\t\t\t\t\t\t\t\t\t\t\t\t\t\t\t<img loading=\"lazy\" decoding=\"async\" width=\"800\" height=\"480\" src=\"https:\/\/www.aubergedeveyrac.fr\/wp-content\/uploads\/2024\/04\/vache-crayonnee-blanche-2-1024x615.png\" class=\"attachment-large size-large wp-image-207\" alt=\"\" srcset=\"https:\/\/www.aubergedeveyrac.fr\/wp-content\/uploads\/2024\/04\/vache-crayonnee-blanche-2-1024x615.png 1024w, https:\/\/www.aubergedeveyrac.fr\/wp-content\/uploads\/2024\/04\/vache-crayonnee-blanche-2-300x180.png 300w, https:\/\/www.aubergedeveyrac.fr\/wp-content\/uploads\/2024\/04\/vache-crayonnee-blanche-2-768x461.png 768w, https:\/\/www.aubergedeveyrac.fr\/wp-content\/uploads\/2024\/04\/vache-crayonnee-blanche-2-1536x923.png 1536w, https:\/\/www.aubergedeveyrac.fr\/wp-content\/uploads\/2024\/04\/vache-crayonnee-blanche-2.png 1993w\" sizes=\"(max-width: 800px) 100vw, 800px\" \/>\t\t\t\t\t\t\t\t\t\t\t\t\t\t\t<\/div>\n\t\t\t\t<\/div>\n\t\t\t\t<\/div>\n\t\t\t\t<\/div>\n\t\t\t\t<\/div>\n\t\t","protected":false},"excerpt":{"rendered":"<p>Nos Entr\u00e9es Nos Plats Nos Desserts Nos Formules et Menus Carte et MenusNotre chef et son \u00e9quipe sont actuellement en train de concevoir les prochains menus.Vous pourrez tr\u00e8s rapidement les d\u00e9couvrir. Accueil convivial et chaleureux. Avec nos viandes choisies ainsi que nos poissons et l\u00e9gumes, nos chefs vous pr\u00e9sentent une large gamme de plats \u00e9labor\u00e9s [&hellip;]<\/p>\n","protected":false},"author":3,"featured_media":0,"parent":0,"menu_order":0,"comment_status":"closed","ping_status":"closed","template":"elementor_header_footer","meta":{"footnotes":""},"class_list":["post-245","page","type-page","status-publish","hentry"],"yoast_head":"<!-- This site is optimized with the Yoast SEO plugin v27.5 - https:\/\/yoast.com\/product\/yoast-seo-wordpress\/ -->\n<title>NOTRE CARTE - Auberge de Veyrac<\/title>\n<meta name=\"robots\" content=\"index, follow, max-snippet:-1, max-image-preview:large, max-video-preview:-1\" \/>\n<link rel=\"canonical\" href=\"https:\/\/www.aubergedeveyrac.fr\/index.php\/notre-carte\/\" \/>\n<meta property=\"og:locale\" content=\"fr_FR\" \/>\n<meta property=\"og:type\" content=\"article\" \/>\n<meta property=\"og:title\" content=\"NOTRE CARTE - Auberge de Veyrac\" \/>\n<meta property=\"og:description\" content=\"Nos Entr\u00e9es Nos Plats Nos Desserts Nos Formules et Menus Carte et MenusNotre chef et son \u00e9quipe sont actuellement en train de concevoir les prochains menus.Vous pourrez tr\u00e8s rapidement les d\u00e9couvrir. Accueil convivial et chaleureux. Avec nos viandes choisies ainsi que nos poissons et l\u00e9gumes, nos chefs vous pr\u00e9sentent une large gamme de plats \u00e9labor\u00e9s [&hellip;]\" \/>\n<meta property=\"og:url\" content=\"https:\/\/www.aubergedeveyrac.fr\/index.php\/notre-carte\/\" \/>\n<meta property=\"og:site_name\" content=\"Auberge de Veyrac\" \/>\n<meta property=\"article:modified_time\" content=\"2026-04-30T09:54:00+00:00\" \/>\n<meta property=\"og:image\" content=\"https:\/\/www.aubergedeveyrac.fr\/wp-content\/uploads\/2024\/04\/AUBERGE-DE-VEYRAC-logo-blanc-300.png\" \/>\n\t<meta property=\"og:image:width\" content=\"735\" \/>\n\t<meta property=\"og:image:height\" content=\"793\" \/>\n\t<meta property=\"og:image:type\" content=\"image\/png\" \/>\n<meta name=\"twitter:card\" content=\"summary_large_image\" \/>\n<meta name=\"twitter:label1\" content=\"Dur\u00e9e de lecture estim\u00e9e\" \/>\n\t<meta name=\"twitter:data1\" content=\"9 minutes\" \/>\n<script type=\"application\/ld+json\" class=\"yoast-schema-graph\">{\"@context\":\"https:\\\/\\\/schema.org\",\"@graph\":[{\"@type\":\"WebPage\",\"@id\":\"https:\\\/\\\/www.aubergedeveyrac.fr\\\/index.php\\\/notre-carte\\\/\",\"url\":\"https:\\\/\\\/www.aubergedeveyrac.fr\\\/index.php\\\/notre-carte\\\/\",\"name\":\"NOTRE CARTE - Auberge de Veyrac\",\"isPartOf\":{\"@id\":\"https:\\\/\\\/www.aubergedeveyrac.fr\\\/#website\"},\"primaryImageOfPage\":{\"@id\":\"https:\\\/\\\/www.aubergedeveyrac.fr\\\/index.php\\\/notre-carte\\\/#primaryimage\"},\"image\":{\"@id\":\"https:\\\/\\\/www.aubergedeveyrac.fr\\\/index.php\\\/notre-carte\\\/#primaryimage\"},\"thumbnailUrl\":\"https:\\\/\\\/www.aubergedeveyrac.fr\\\/wp-content\\\/uploads\\\/2024\\\/04\\\/AUBERGE-DE-VEYRAC-logo-blanc-300.png\",\"datePublished\":\"2024-04-05T10:54:30+00:00\",\"dateModified\":\"2026-04-30T09:54:00+00:00\",\"breadcrumb\":{\"@id\":\"https:\\\/\\\/www.aubergedeveyrac.fr\\\/index.php\\\/notre-carte\\\/#breadcrumb\"},\"inLanguage\":\"fr-FR\",\"potentialAction\":[{\"@type\":\"ReadAction\",\"target\":[\"https:\\\/\\\/www.aubergedeveyrac.fr\\\/index.php\\\/notre-carte\\\/\"]}]},{\"@type\":\"ImageObject\",\"inLanguage\":\"fr-FR\",\"@id\":\"https:\\\/\\\/www.aubergedeveyrac.fr\\\/index.php\\\/notre-carte\\\/#primaryimage\",\"url\":\"https:\\\/\\\/www.aubergedeveyrac.fr\\\/wp-content\\\/uploads\\\/2024\\\/04\\\/AUBERGE-DE-VEYRAC-logo-blanc-300.png\",\"contentUrl\":\"https:\\\/\\\/www.aubergedeveyrac.fr\\\/wp-content\\\/uploads\\\/2024\\\/04\\\/AUBERGE-DE-VEYRAC-logo-blanc-300.png\",\"width\":735,\"height\":793},{\"@type\":\"BreadcrumbList\",\"@id\":\"https:\\\/\\\/www.aubergedeveyrac.fr\\\/index.php\\\/notre-carte\\\/#breadcrumb\",\"itemListElement\":[{\"@type\":\"ListItem\",\"position\":1,\"name\":\"Accueil\",\"item\":\"https:\\\/\\\/www.aubergedeveyrac.fr\\\/\"},{\"@type\":\"ListItem\",\"position\":2,\"name\":\"NOTRE CARTE\"}]},{\"@type\":\"WebSite\",\"@id\":\"https:\\\/\\\/www.aubergedeveyrac.fr\\\/#website\",\"url\":\"https:\\\/\\\/www.aubergedeveyrac.fr\\\/\",\"name\":\"Auberge de Veyrac\",\"description\":\"Bienvenue dans un univers succulent\",\"publisher\":{\"@id\":\"https:\\\/\\\/www.aubergedeveyrac.fr\\\/#organization\"},\"potentialAction\":[{\"@type\":\"SearchAction\",\"target\":{\"@type\":\"EntryPoint\",\"urlTemplate\":\"https:\\\/\\\/www.aubergedeveyrac.fr\\\/?s={search_term_string}\"},\"query-input\":{\"@type\":\"PropertyValueSpecification\",\"valueRequired\":true,\"valueName\":\"search_term_string\"}}],\"inLanguage\":\"fr-FR\"},{\"@type\":\"Organization\",\"@id\":\"https:\\\/\\\/www.aubergedeveyrac.fr\\\/#organization\",\"name\":\"Auberge de Veyrac\",\"url\":\"https:\\\/\\\/www.aubergedeveyrac.fr\\\/\",\"logo\":{\"@type\":\"ImageObject\",\"inLanguage\":\"fr-FR\",\"@id\":\"https:\\\/\\\/www.aubergedeveyrac.fr\\\/#\\\/schema\\\/logo\\\/image\\\/\",\"url\":\"https:\\\/\\\/www.aubergedeveyrac.fr\\\/wp-content\\\/uploads\\\/2024\\\/04\\\/auberge-de-veyrac_logo_noir_48x39.png\",\"contentUrl\":\"https:\\\/\\\/www.aubergedeveyrac.fr\\\/wp-content\\\/uploads\\\/2024\\\/04\\\/auberge-de-veyrac_logo_noir_48x39.png\",\"width\":48,\"height\":39,\"caption\":\"Auberge de Veyrac\"},\"image\":{\"@id\":\"https:\\\/\\\/www.aubergedeveyrac.fr\\\/#\\\/schema\\\/logo\\\/image\\\/\"}}]}<\/script>\n<!-- \/ Yoast SEO plugin. -->","yoast_head_json":{"title":"NOTRE CARTE - Auberge de Veyrac","robots":{"index":"index","follow":"follow","max-snippet":"max-snippet:-1","max-image-preview":"max-image-preview:large","max-video-preview":"max-video-preview:-1"},"canonical":"https:\/\/www.aubergedeveyrac.fr\/index.php\/notre-carte\/","og_locale":"fr_FR","og_type":"article","og_title":"NOTRE CARTE - Auberge de Veyrac","og_description":"Nos Entr\u00e9es Nos Plats Nos Desserts Nos Formules et Menus Carte et MenusNotre chef et son \u00e9quipe sont actuellement en train de concevoir les prochains menus.Vous pourrez tr\u00e8s rapidement les d\u00e9couvrir. Accueil convivial et chaleureux. Avec nos viandes choisies ainsi que nos poissons et l\u00e9gumes, nos chefs vous pr\u00e9sentent une large gamme de plats \u00e9labor\u00e9s [&hellip;]","og_url":"https:\/\/www.aubergedeveyrac.fr\/index.php\/notre-carte\/","og_site_name":"Auberge de Veyrac","article_modified_time":"2026-04-30T09:54:00+00:00","og_image":[{"width":735,"height":793,"url":"https:\/\/www.aubergedeveyrac.fr\/wp-content\/uploads\/2024\/04\/AUBERGE-DE-VEYRAC-logo-blanc-300.png","type":"image\/png"}],"twitter_card":"summary_large_image","twitter_misc":{"Dur\u00e9e de lecture estim\u00e9e":"9 minutes"},"schema":{"@context":"https:\/\/schema.org","@graph":[{"@type":"WebPage","@id":"https:\/\/www.aubergedeveyrac.fr\/index.php\/notre-carte\/","url":"https:\/\/www.aubergedeveyrac.fr\/index.php\/notre-carte\/","name":"NOTRE CARTE - Auberge de Veyrac","isPartOf":{"@id":"https:\/\/www.aubergedeveyrac.fr\/#website"},"primaryImageOfPage":{"@id":"https:\/\/www.aubergedeveyrac.fr\/index.php\/notre-carte\/#primaryimage"},"image":{"@id":"https:\/\/www.aubergedeveyrac.fr\/index.php\/notre-carte\/#primaryimage"},"thumbnailUrl":"https:\/\/www.aubergedeveyrac.fr\/wp-content\/uploads\/2024\/04\/AUBERGE-DE-VEYRAC-logo-blanc-300.png","datePublished":"2024-04-05T10:54:30+00:00","dateModified":"2026-04-30T09:54:00+00:00","breadcrumb":{"@id":"https:\/\/www.aubergedeveyrac.fr\/index.php\/notre-carte\/#breadcrumb"},"inLanguage":"fr-FR","potentialAction":[{"@type":"ReadAction","target":["https:\/\/www.aubergedeveyrac.fr\/index.php\/notre-carte\/"]}]},{"@type":"ImageObject","inLanguage":"fr-FR","@id":"https:\/\/www.aubergedeveyrac.fr\/index.php\/notre-carte\/#primaryimage","url":"https:\/\/www.aubergedeveyrac.fr\/wp-content\/uploads\/2024\/04\/AUBERGE-DE-VEYRAC-logo-blanc-300.png","contentUrl":"https:\/\/www.aubergedeveyrac.fr\/wp-content\/uploads\/2024\/04\/AUBERGE-DE-VEYRAC-logo-blanc-300.png","width":735,"height":793},{"@type":"BreadcrumbList","@id":"https:\/\/www.aubergedeveyrac.fr\/index.php\/notre-carte\/#breadcrumb","itemListElement":[{"@type":"ListItem","position":1,"name":"Accueil","item":"https:\/\/www.aubergedeveyrac.fr\/"},{"@type":"ListItem","position":2,"name":"NOTRE CARTE"}]},{"@type":"WebSite","@id":"https:\/\/www.aubergedeveyrac.fr\/#website","url":"https:\/\/www.aubergedeveyrac.fr\/","name":"Auberge de Veyrac","description":"Bienvenue dans un univers succulent","publisher":{"@id":"https:\/\/www.aubergedeveyrac.fr\/#organization"},"potentialAction":[{"@type":"SearchAction","target":{"@type":"EntryPoint","urlTemplate":"https:\/\/www.aubergedeveyrac.fr\/?s={search_term_string}"},"query-input":{"@type":"PropertyValueSpecification","valueRequired":true,"valueName":"search_term_string"}}],"inLanguage":"fr-FR"},{"@type":"Organization","@id":"https:\/\/www.aubergedeveyrac.fr\/#organization","name":"Auberge de Veyrac","url":"https:\/\/www.aubergedeveyrac.fr\/","logo":{"@type":"ImageObject","inLanguage":"fr-FR","@id":"https:\/\/www.aubergedeveyrac.fr\/#\/schema\/logo\/image\/","url":"https:\/\/www.aubergedeveyrac.fr\/wp-content\/uploads\/2024\/04\/auberge-de-veyrac_logo_noir_48x39.png","contentUrl":"https:\/\/www.aubergedeveyrac.fr\/wp-content\/uploads\/2024\/04\/auberge-de-veyrac_logo_noir_48x39.png","width":48,"height":39,"caption":"Auberge de Veyrac"},"image":{"@id":"https:\/\/www.aubergedeveyrac.fr\/#\/schema\/logo\/image\/"}}]}},"_links":{"self":[{"href":"https:\/\/www.aubergedeveyrac.fr\/index.php\/wp-json\/wp\/v2\/pages\/245","targetHints":{"allow":["GET"]}}],"collection":[{"href":"https:\/\/www.aubergedeveyrac.fr\/index.php\/wp-json\/wp\/v2\/pages"}],"about":[{"href":"https:\/\/www.aubergedeveyrac.fr\/index.php\/wp-json\/wp\/v2\/types\/page"}],"author":[{"embeddable":true,"href":"https:\/\/www.aubergedeveyrac.fr\/index.php\/wp-json\/wp\/v2\/users\/3"}],"replies":[{"embeddable":true,"href":"https:\/\/www.aubergedeveyrac.fr\/index.php\/wp-json\/wp\/v2\/comments?post=245"}],"version-history":[{"count":1070,"href":"https:\/\/www.aubergedeveyrac.fr\/index.php\/wp-json\/wp\/v2\/pages\/245\/revisions"}],"predecessor-version":[{"id":1905,"href":"https:\/\/www.aubergedeveyrac.fr\/index.php\/wp-json\/wp\/v2\/pages\/245\/revisions\/1905"}],"wp:attachment":[{"href":"https:\/\/www.aubergedeveyrac.fr\/index.php\/wp-json\/wp\/v2\/media?parent=245"}],"curies":[{"name":"wp","href":"https:\/\/api.w.org\/{rel}","templated":true}]}}